{"id":9695,"date":"2021-01-08T09:37:24","date_gmt":"2021-01-08T08:37:24","guid":{"rendered":"https:\/\/www.austriacult.roma.it\/?post_type=tribe_events&#038;p=9695"},"modified":"2021-01-27T09:43:08","modified_gmt":"2021-01-27T08:43:08","slug":"mauthausen-zwei-leben-simon-wieland","status":"publish","type":"tribe_events","link":"https:\/\/www.austriacult.roma.it\/de\/veranstaltung\/mauthausen-zwei-leben-simon-wieland\/","title":{"rendered":"MAUTHAUSEN &#8211; ZWEI LEBEN | Simon Wieland"},"content":{"rendered":"<p><\/p>\n<p>Der Film MAUTHAUSEN \u2013 ZWEI LEBEN von Regisseur <strong>Simon Wieland<\/strong> dokumentiert die Geschichte zweier Menschen, die w\u00e4hrend des NS-Regimes Zeugen der grauenvollen Vorg\u00e4nge im Konzentrationslager Mauthausen wurden \u2013 des in \u0141\u00f3d\u017a geborenen Stanis\u0142aw Leszczy\u0144ski als H\u00e4ftling und des aus Mauthausen stammenden Franz Hackl als Lehrling in der Schlosserei des Lagers. Zwei Schicksale, die kontr\u00e4rer nicht h\u00e4tten sein k\u00f6nnen \u2013 und die doch so viele verst\u00f6rende Gemeinsamkeiten haben. Dem Regisseur ist es gelungen, die beiden Protagonisten und ihre Konfrontation mit Mauthausen, einem wichtigen Symbol f\u00fcr den Holocaust und damit f\u00fcr Schuld und Unmenschlichkeit, auf eine sensible und vielschichtige Weise zu portr\u00e4tieren. So ist ein starker und sehr ergreifender Dokumentarfilm \u00fcber das menschliche und vor allem aber auch unmenschliche Verhalten im Angesicht des Verbrechens entstanden.<\/p>\n<p><strong>MAUTHAUSEN &#8211; ZWEI LEBEN\u00a0<\/strong><br \/>\nDokumentarfilm, Regie: Simon Wieland (AT 2020, 80 min. Originalfassung mit italienischen Untertiteln)<\/p>\n<p><a href=\"https:\/\/www.austriacult.roma.it\/wp-content\/uploads\/2020\/09\/icon-youtube.jpg\"><img loading=\"lazy\" decoding=\"async\" class=\"alignnone size-full wp-image-9196\" src=\"https:\/\/www.austriacult.roma.it\/wp-content\/uploads\/2020\/09\/icon-youtube.jpg\" alt=\"\" width=\"26\" height=\"31\" \/><\/a> <span style=\"color: #000000;\"><a style=\"color: #000000;\" href=\"http:\/\/vimeo.com\/r\/34pA\/ZjEzWTZvQk\"><span style=\"text-decoration: underline;\"><strong>Link<\/strong><\/span><\/a> <\/span>zum Film<br \/>\n<span style=\"color: #ff0000;\">Achtung: Um den Film MAUTHAUSEN \u2013 ZWEI LEBEN <strong>gratis<\/strong> zu sehen, m\u00fcssen Sie sich mit Email-Adresse, Google-Konto oder Facebook-Profil\u00a0 anmelden. Der Aktionscode wird automatisch eingef\u00fcgt, bitte einfach <strong>weiterklicken<\/strong>.<\/span><br \/>\n<span style=\"color: #ff0000;\">Nach dem erstmaligen Abrufen des Filmlinks steht Ihnen der Film f\u00fcr eine Woche zur Verf\u00fcgung.<\/span><\/p>\n<p>&nbsp;<\/p>\n<p><strong>INTERVIEW mit Simon Wieland\u00a0<\/strong><br \/>\nErg\u00e4nzt wird der Film durch ein Interview mit dem Regisseur Simon Wieland. Er erz\u00e4hlt, wie es zu dem Film kam, was ihn dazu motivierte, wie er seine Protagonisten fand und welchen Schwierigkeiten er dabei begegnete. Das Interview f\u00fchrte Magdalena \u017belasko (CEE FILMS). Originalfassung mit italienischen Untertiteln.<\/p>\n<p><a href=\"https:\/\/www.austriacult.roma.it\/wp-content\/uploads\/2020\/09\/icon-youtube.jpg\"><img loading=\"lazy\" decoding=\"async\" class=\"size-full wp-image-9196 alignleft\" src=\"https:\/\/www.austriacult.roma.it\/wp-content\/uploads\/2020\/09\/icon-youtube.jpg\" alt=\"\" width=\"26\" height=\"31\" \/><\/a><\/p>\n<p><span style=\"color: #ff0000;\"><a style=\"color: #ff0000;\" href=\"https:\/\/vimeo.com\/ondemand\/mauthausenduevite\/480261790?autoplay=1\"><strong>Link<\/strong><\/a> <\/span>zum Interview und zum Trailer<\/p>\n<p>&nbsp;<\/p>\n<p>Infos: <a href=\"http:\/\/www.letsceefilms.eu\">www.letsceefilms.eu<\/a><\/p>\n<p>&nbsp;<\/p>\n<p><\/p>","protected":false},"excerpt":{"rendered":"<\/p>\n<p>Der Film MAUTHAUSEN \u2013 ZWEI LEBEN von Regisseur Simon Wieland dokumentiert die Geschichte zweier Menschen, die w\u00e4hrend des NS-Regimes Zeugen der grauenvollen Vorg\u00e4nge im Konzentrationslager Mauthausen wurden \u2013 des in \u0141\u00f3d\u017a geborenen Stanis\u0142aw Leszczy\u0144ski als H\u00e4ftling und des aus Mauthausen stammenden Franz Hackl als Lehrling in der Schlosserei des Lagers. Zwei Schicksale, die kontr\u00e4rer nicht h\u00e4tten sein k\u00f6nnen \u2013 und die doch so viele verst\u00f6rende Gemeinsamkeiten haben. Dem Regisseur ist es gelungen, die beiden Protagonisten und ihre Konfrontation mit Mauthausen, [&#8230;]<\/p>\n","protected":false},"author":2,"featured_media":9696,"comment_status":"closed","ping_status":"closed","template":"","meta":{"footnotes":""},"tags":[],"tribe_events_cat":[8],"class_list":["post-9695","tribe_events","type-tribe_events","status-publish","has-post-thumbnail","hentry","tribe_events_cat-kino","cat_kino"],"_links":{"self":[{"href":"https:\/\/www.austriacult.roma.it\/de\/wp-json\/wp\/v2\/tribe_events\/9695","targetHints":{"allow":["GET"]}}],"collection":[{"href":"https:\/\/www.austriacult.roma.it\/de\/wp-json\/wp\/v2\/tribe_events"}],"about":[{"href":"https:\/\/www.austriacult.roma.it\/de\/wp-json\/wp\/v2\/types\/tribe_events"}],"author":[{"embeddable":true,"href":"https:\/\/www.austriacult.roma.it\/de\/wp-json\/wp\/v2\/users\/2"}],"replies":[{"embeddable":true,"href":"https:\/\/www.austriacult.roma.it\/de\/wp-json\/wp\/v2\/comments?post=9695"}],"version-history":[{"count":0,"href":"https:\/\/www.austriacult.roma.it\/de\/wp-json\/wp\/v2\/tribe_events\/9695\/revisions"}],"wp:featuredmedia":[{"embeddable":true,"href":"https:\/\/www.austriacult.roma.it\/de\/wp-json\/wp\/v2\/media\/9696"}],"wp:attachment":[{"href":"https:\/\/www.austriacult.roma.it\/de\/wp-json\/wp\/v2\/media?parent=9695"}],"wp:term":[{"taxonomy":"post_tag","embeddable":true,"href":"https:\/\/www.austriacult.roma.it\/de\/wp-json\/wp\/v2\/tags?post=9695"},{"taxonomy":"tribe_events_cat","embeddable":true,"href":"https:\/\/www.austriacult.roma.it\/de\/wp-json\/wp\/v2\/tribe_events_cat?post=9695"}],"curies":[{"name":"wp","href":"https:\/\/api.w.org\/{rel}","templated":true}]}}