{"id":7171,"date":"2019-10-10T12:46:56","date_gmt":"2019-10-10T10:46:56","guid":{"rendered":"https:\/\/www.austriacult.roma.it\/?post_type=tribe_events&#038;p=7171"},"modified":"2019-10-10T13:07:23","modified_gmt":"2019-10-10T11:07:23","slug":"7171","status":"publish","type":"tribe_events","link":"https:\/\/www.austriacult.roma.it\/de\/veranstaltung\/7171\/","title":{"rendered":"Literarisches Schreiben, literarisches \u00dcbersetzen"},"content":{"rendered":"<p><\/p>\n<p>Workshop \u00fcber &#8222;Literarisches Schreiben, literarisches \u00dcbersetzen&#8220; mit der \u00f6sterreichischen Autorin <strong>Laura Freudenthaler <\/strong>unter Leitung von Giovanni Sampaolo, Stephan Schweighofer und Ute Weidenhiller.<\/p>\n<p><strong>Biografie:<\/strong><br \/>\nLaura Freudenthaler, geboren 1984 in Salzburg. Studium der Germanistik, Philosophie und Gender Studies, lebt in Wien. Die Erz\u00e4hlungen <em>Der Sch\u00e4del von Madeleine. Paargeschichten<\/em> erschienen 2014.<br \/>\nF\u00fcr ihren ersten Roman <em>Die K\u00f6nigin schweigt<\/em> erhielt sie den F\u00f6rderpreis zum Bremer Literaturpreis 2018 und der Roman wurde als bester deutschsprachiger Deb\u00fctroman beim <em>Festival du premier Roman<\/em> <em>2018<\/em> in Chamb\u00e9ry ausgezeichnet.<\/p>\n<p><a href=\"https:\/\/www.austriacult.roma.it\/wp-content\/uploads\/2019\/10\/Plakat_Freudenthaler.jpg\"><span style=\"text-decoration: underline;\"><span style=\"color: #ff0000; text-decoration: underline;\">Plakat<\/span><\/span><\/a><\/p>\n<p><\/p>","protected":false},"excerpt":{"rendered":"<\/p>\n<p>Workshop \u00fcber &#8222;Literarisches Schreiben, literarisches \u00dcbersetzen&#8220; mit der \u00f6sterreichischen Autorin Laura Freudenthaler unter Leitung von Giovanni Sampaolo, Stephan Schweighofer und Ute Weidenhiller.<\/p>\n<p>Biografie:<br \/>\nLaura Freudenthaler, geboren 1984 in Salzburg. Studium der Germanistik, Philosophie und Gender Studies, lebt in Wien. Die Erz\u00e4hlungen Der Sch\u00e4del von Madeleine. Paargeschichten erschienen 2014.<br \/>\nF\u00fcr ihren ersten Roman Die K\u00f6nigin schweigt erhielt sie den F\u00f6rderpreis zum Bremer Literaturpreis 2018 und der Roman wurde als bester deutschsprachiger Deb\u00fctroman beim Festival du premier Roman 2018 in Chamb\u00e9ry ausgezeichnet.<\/p>\n<p><a href=\"https:\/\/www.austriacult.roma.it\/wp-content\/uploads\/2019\/10\/Plakat_Freudenthaler.jpg\">Plakat<\/a><\/p><\/p>\n","protected":false},"author":2,"featured_media":7176,"comment_status":"closed","ping_status":"closed","template":"","meta":{"footnotes":""},"tags":[],"tribe_events_cat":[],"class_list":["post-7171","tribe_events","type-tribe_events","status-publish","has-post-thumbnail","hentry"],"_links":{"self":[{"href":"https:\/\/www.austriacult.roma.it\/de\/wp-json\/wp\/v2\/tribe_events\/7171","targetHints":{"allow":["GET"]}}],"collection":[{"href":"https:\/\/www.austriacult.roma.it\/de\/wp-json\/wp\/v2\/tribe_events"}],"about":[{"href":"https:\/\/www.austriacult.roma.it\/de\/wp-json\/wp\/v2\/types\/tribe_events"}],"author":[{"embeddable":true,"href":"https:\/\/www.austriacult.roma.it\/de\/wp-json\/wp\/v2\/users\/2"}],"replies":[{"embeddable":true,"href":"https:\/\/www.austriacult.roma.it\/de\/wp-json\/wp\/v2\/comments?post=7171"}],"version-history":[{"count":0,"href":"https:\/\/www.austriacult.roma.it\/de\/wp-json\/wp\/v2\/tribe_events\/7171\/revisions"}],"wp:featuredmedia":[{"embeddable":true,"href":"https:\/\/www.austriacult.roma.it\/de\/wp-json\/wp\/v2\/media\/7176"}],"wp:attachment":[{"href":"https:\/\/www.austriacult.roma.it\/de\/wp-json\/wp\/v2\/media?parent=7171"}],"wp:term":[{"taxonomy":"post_tag","embeddable":true,"href":"https:\/\/www.austriacult.roma.it\/de\/wp-json\/wp\/v2\/tags?post=7171"},{"taxonomy":"tribe_events_cat","embeddable":true,"href":"https:\/\/www.austriacult.roma.it\/de\/wp-json\/wp\/v2\/tribe_events_cat?post=7171"}],"curies":[{"name":"wp","href":"https:\/\/api.w.org\/{rel}","templated":true}]}}