{"id":6491,"date":"2019-07-12T12:24:48","date_gmt":"2019-07-12T10:24:48","guid":{"rendered":"https:\/\/www.austriacult.roma.it\/de\/?post_type=tribe_events&#038;p=6491"},"modified":"2019-07-12T15:01:13","modified_gmt":"2019-07-12T13:01:13","slug":"felsgeburt-nascita-dei-sassi-florian-koehler","status":"publish","type":"tribe_events","link":"https:\/\/www.austriacult.roma.it\/de\/veranstaltung\/felsgeburt-nascita-dei-sassi-florian-koehler\/","title":{"rendered":"FELSGEBURT \u2013 NASCITA DEI SASSI | Florian K\u00f6hler"},"content":{"rendered":"<p><\/p>\n<p>Die in der s\u00fcditalienischen Region Basilikata gelegene Stadt Matera z\u00e4hlt mit ihren archaischen, aus dem Fels gehauenen H\u00f6hlenwohnungen zum UNESCO-Weltkulturerbe und ist heuer zudem Europ\u00e4ische Kulturhauptstadt. <strong>Florian K\u00f6hler<\/strong> begab sich dorthin auf Spurensuche \u2013 sein Projekt FELSGEBURT ist ab 20. Juli in Matera zu sehen.<\/p>\n<p><em>\u201eDas Projekt\u00a0 FELSGEBURT setzt sich anl\u00e4sslich der Ernennung Materas zur Europ\u00e4ischen Kulturhauptstadt 2019 die Umsetzung eines k\u00fcnstlerischen Werkzyklus in Zeichnung und Malerei zum Ziel, der zum einen der besonderen Atmosph\u00e4re dieser seit 9000 Jahren durchgehend besiedelten und im Lauf der Zeit aus der felsigen Umgebung herausgewachsenen Stadt Rechnung tr\u00e4gt, und zum anderen die Sehnsucht des modernen Menschen nach einer R\u00fcckbesinnung zu seinen Urspr\u00fcngen zu einer zentralen Fragestellung erhebt.<\/em><\/p>\n<p><em>W\u00e4hrend meiner bisherigen Erkundungstouren in den antiken Ortsteilen Materas, den sogenannte Sassi, faszinierten mich vor allem die von Natur, Witterung und Zeit zur\u00fcckeroberten Orte: Nat\u00fcrliche H\u00f6hlen, verlassene Kirchen, ruin\u00f6se H\u00e4user und die labyrinthartig aus dem weichen Tuffstein geformten Stra\u00dfen und Gassen bilden eine archaische Kulisse, vor der sowohl der \u201ein den Fels hineingeborene\u201c Mensch als auch der ihn umgebende Stein einem st\u00e4ndigen Kreislauf des Entstehens, Werdens und Vergehens unterworfen scheint.\u00a0<\/em><\/p>\n<p><em>Die Veranschaulichung dieses existenziellen Spiels von Leben und Verg\u00e4nglichkeit, mit dem einer stetigen Ver\u00e4nderung konfrontierten Menschen als dessen Hauptprotagonisten auf der Suche nach Ursprung, Ziel und Sinn, soll in weiterer Folge zu einem bestimmenden Thema meines k\u00fcnstlerischen Vorhabens werden, das von Juli\u00a0 bis Dezember 2019\u00a0 in Matera, Rom und Wien zur Ausstellung gelangt.\u201c<\/em> (Florian K\u00f6hler)<\/p>\n<p>&nbsp;<\/p>\n<p style=\"text-align: justify;\"><strong>Florian K\u00f6hler, <\/strong>geboren 1984 in Wien, studierte Malerei in der Meisterklasse Attersee an der Universit\u00e4t f\u00fcr Angewandte Kunst sowie Kunstgeschichte an der Universit\u00e4t Wien. Die intensive Besch\u00e4ftigung mit dem Thema des Wanderns f\u00fchrte ihn 2014 schlie\u00dflich im Alleingang zu Fu\u00df nach Italien: Dort widmete sich Florian K\u00f6hler in den darauffolgenden Jahren mehreren Projekten und Ausstellungen in Rom und Montelibretti, in denen er sich intensiv mit dem Versuch einer K\u00fcnstlerreise in unserer modernen Zeit auseinandersetzt. Den Arbeiten in Malerei und Zeichnung gemeinsam ist die R\u00fcckbesinnung auf eine urspr\u00fcngliche Form des k\u00fcnstlerischen Schaffens, die vornehmlich durch die Konzentration auf die eigentliche Erfahrung des Weges und deren reflexive Verarbeitung durch einfache handwerkliche Mittel erreicht wird.<\/p>\n<p><a href=\"http:\/\/www.florian-koehler.at\">www.florian-koehler.at<\/a><\/p>\n<p style=\"text-align: justify;\"><span style=\"color: #ff0000;\"><a style=\"color: #ff0000;\" href=\"https:\/\/www.austriacult.roma.it\/wp-content\/uploads\/2019\/07\/Nascita-dei-Sassi_Florian-Koehler_brossura.pdf\"><u>Brosch\u00fcre<\/u><\/a><\/span><\/p>\n<p>&nbsp;<\/p>\n<p>&nbsp;<\/p>\n<p>&nbsp;<\/p>\n<p><\/p>","protected":false},"excerpt":{"rendered":"<\/p>\n<p>Die in der s\u00fcditalienischen Region Basilikata gelegene Stadt Matera z\u00e4hlt mit ihren archaischen, aus dem Fels gehauenen H\u00f6hlenwohnungen zum UNESCO-Weltkulturerbe und ist heuer zudem Europ\u00e4ische Kulturhauptstadt. Florian K\u00f6hler begab sich dorthin auf Spurensuche \u2013 sein Projekt FELSGEBURT ist ab 20. Juli in Matera zu sehen.<\/p>\n<p>\u201eDas Projekt\u00a0 FELSGEBURT setzt sich anl\u00e4sslich der Ernennung Materas zur Europ\u00e4ischen Kulturhauptstadt 2019 die Umsetzung eines k\u00fcnstlerischen Werkzyklus in Zeichnung und Malerei zum Ziel, der zum einen der besonderen Atmosph\u00e4re dieser seit 9000 Jahren durchgehend besiedelten [&#8230;]<\/p>\n","protected":false},"author":2,"featured_media":6492,"comment_status":"closed","ping_status":"closed","template":"","meta":{"footnotes":""},"tags":[],"tribe_events_cat":[290],"class_list":["post-6491","tribe_events","type-tribe_events","status-publish","has-post-thumbnail","hentry","tribe_events_cat-inaugurazione","cat_inaugurazione"],"_links":{"self":[{"href":"https:\/\/www.austriacult.roma.it\/de\/wp-json\/wp\/v2\/tribe_events\/6491","targetHints":{"allow":["GET"]}}],"collection":[{"href":"https:\/\/www.austriacult.roma.it\/de\/wp-json\/wp\/v2\/tribe_events"}],"about":[{"href":"https:\/\/www.austriacult.roma.it\/de\/wp-json\/wp\/v2\/types\/tribe_events"}],"author":[{"embeddable":true,"href":"https:\/\/www.austriacult.roma.it\/de\/wp-json\/wp\/v2\/users\/2"}],"replies":[{"embeddable":true,"href":"https:\/\/www.austriacult.roma.it\/de\/wp-json\/wp\/v2\/comments?post=6491"}],"version-history":[{"count":0,"href":"https:\/\/www.austriacult.roma.it\/de\/wp-json\/wp\/v2\/tribe_events\/6491\/revisions"}],"wp:featuredmedia":[{"embeddable":true,"href":"https:\/\/www.austriacult.roma.it\/de\/wp-json\/wp\/v2\/media\/6492"}],"wp:attachment":[{"href":"https:\/\/www.austriacult.roma.it\/de\/wp-json\/wp\/v2\/media?parent=6491"}],"wp:term":[{"taxonomy":"post_tag","embeddable":true,"href":"https:\/\/www.austriacult.roma.it\/de\/wp-json\/wp\/v2\/tags?post=6491"},{"taxonomy":"tribe_events_cat","embeddable":true,"href":"https:\/\/www.austriacult.roma.it\/de\/wp-json\/wp\/v2\/tribe_events_cat?post=6491"}],"curies":[{"name":"wp","href":"https:\/\/api.w.org\/{rel}","templated":true}]}}