{"id":6305,"date":"2019-06-12T11:37:13","date_gmt":"2019-06-12T09:37:13","guid":{"rendered":"https:\/\/www.austriacult.roma.it\/de\/?post_type=tribe_events&#038;p=6305"},"modified":"2019-06-21T09:30:58","modified_gmt":"2019-06-21T07:30:58","slug":"3-tage-in-quiberon-film-in-v-o-con-sottotitoli-in-italiano","status":"publish","type":"tribe_events","link":"https:\/\/www.austriacult.roma.it\/de\/veranstaltung\/3-tage-in-quiberon\/","title":{"rendered":"3 TAGE IN QUIBERON"},"content":{"rendered":"<p><\/p>\n<p><strong>Regie: <span style=\"color: #000000;\">Emily Atef; mit: Marie B\u00e4umer, Birgit Minichmayr, Robert Gwisdek, Charly H\u00fcbner. AT\/DE\/FR, 2018, 115\u2019<br \/>\n(in Originalfassung mit italienischen Untertiteln)\u00a0<br \/>\n<\/span><\/strong><\/p>\n<p>&nbsp;<\/p>\n<p>Frankreich 1981: Der Journalist Michael J\u00fcrgs bekommt die Chance, den Weltstar Romy Schneider in dem kleinen bretonischen Ort Quiberon f\u00fcr den STERN zu interviewen. Aus dem Termin werden drei Tage voller gro\u00dfer Emotionen, die alle Beteiligten \u2013 inkl. Romys Freundin Hilde und Fotograf Robert Lebeck\u00a0 \u2013 an ihre Grenzen bringen und ihre Lebenswege nachhaltig beeinflussen&#8230;<\/p>\n<p><a href=\"https:\/\/www.austriacult.roma.it\/wp-content\/uploads\/2019\/06\/flyer-aggiornato.pdf\"><span style=\"text-decoration: underline;\"><strong>Sommerkino &#8211; alle Filme<\/strong><\/span><\/a><\/p>\n<p>&nbsp;<\/p>\n<p><\/p>","protected":false},"excerpt":{"rendered":"<\/p>\n<p>Regie: Emily Atef; mit: Marie B\u00e4umer, Birgit Minichmayr, Robert Gwisdek, Charly H\u00fcbner. AT\/DE\/FR, 2018, 115\u2019<br \/>\n(in Originalfassung mit italienischen Untertiteln)\u00a0\n<\/p>\n<p>&nbsp;<\/p>\n<p>Frankreich 1981: Der Journalist Michael J\u00fcrgs bekommt die Chance, den Weltstar Romy Schneider in dem kleinen bretonischen Ort Quiberon f\u00fcr den STERN zu interviewen. Aus dem Termin werden drei Tage voller gro\u00dfer Emotionen, die alle Beteiligten \u2013 inkl. Romys Freundin Hilde und Fotograf Robert Lebeck\u00a0 \u2013 an ihre Grenzen bringen und ihre Lebenswege nachhaltig beeinflussen&#8230;<\/p>\n<p><a href=\"https:\/\/www.austriacult.roma.it\/wp-content\/uploads\/2019\/06\/flyer-aggiornato.pdf\">Sommerkino &#8211; alle Filme<\/a><\/p>\n<p>&nbsp;<\/p><\/p>\n","protected":false},"author":2,"featured_media":6334,"comment_status":"closed","ping_status":"closed","template":"","meta":{"footnotes":""},"tags":[],"tribe_events_cat":[8],"class_list":["post-6305","tribe_events","type-tribe_events","status-publish","has-post-thumbnail","hentry","tribe_events_cat-kino","cat_kino"],"_links":{"self":[{"href":"https:\/\/www.austriacult.roma.it\/de\/wp-json\/wp\/v2\/tribe_events\/6305","targetHints":{"allow":["GET"]}}],"collection":[{"href":"https:\/\/www.austriacult.roma.it\/de\/wp-json\/wp\/v2\/tribe_events"}],"about":[{"href":"https:\/\/www.austriacult.roma.it\/de\/wp-json\/wp\/v2\/types\/tribe_events"}],"author":[{"embeddable":true,"href":"https:\/\/www.austriacult.roma.it\/de\/wp-json\/wp\/v2\/users\/2"}],"replies":[{"embeddable":true,"href":"https:\/\/www.austriacult.roma.it\/de\/wp-json\/wp\/v2\/comments?post=6305"}],"version-history":[{"count":0,"href":"https:\/\/www.austriacult.roma.it\/de\/wp-json\/wp\/v2\/tribe_events\/6305\/revisions"}],"wp:featuredmedia":[{"embeddable":true,"href":"https:\/\/www.austriacult.roma.it\/de\/wp-json\/wp\/v2\/media\/6334"}],"wp:attachment":[{"href":"https:\/\/www.austriacult.roma.it\/de\/wp-json\/wp\/v2\/media?parent=6305"}],"wp:term":[{"taxonomy":"post_tag","embeddable":true,"href":"https:\/\/www.austriacult.roma.it\/de\/wp-json\/wp\/v2\/tags?post=6305"},{"taxonomy":"tribe_events_cat","embeddable":true,"href":"https:\/\/www.austriacult.roma.it\/de\/wp-json\/wp\/v2\/tribe_events_cat?post=6305"}],"curies":[{"name":"wp","href":"https:\/\/api.w.org\/{rel}","templated":true}]}}