{"id":27457,"date":"2026-09-04T15:47:56","date_gmt":"2026-09-04T13:47:56","guid":{"rendered":"https:\/\/www.austriacult.roma.it\/?post_type=tribe_events&#038;p=27457"},"modified":"2026-09-04T15:47:56","modified_gmt":"2026-09-04T13:47:56","slug":"prima-la-musica-trovare-e-promuovere-i-talenti-2","status":"publish","type":"tribe_events","link":"https:\/\/www.austriacult.roma.it\/de\/veranstaltung\/prima-la-musica-trovare-e-promuovere-i-talenti-2\/","title":{"rendered":"PRIMA LA MUSICA | Trovare e promuovere i talenti"},"content":{"rendered":"<p><\/p>\n<p><strong>Maria Karapanou<\/strong> (Sopran), <strong>Idil Naz Alici<\/strong> (Klavier), <strong>Laura Kostner<\/strong> (Violine) und <strong>Maximilian Kolloros<\/strong> (Violoncello) haben bei \u00d6sterreichs renommiertesten Musiknachwuchswettbewerb \u201cprima la musica\u201d vergangenen Mai und Juni gro\u00dfartige Erfolge gefeiert und z\u00e4hlen somit zu den gefragtesten Ausnahmetalenten des Musiklandes \u00d6sterreich.<\/p>\n<p>Am 28. Oktober pr\u00e4sentieren sie selten zu h\u00f6rende Kostbarkeiten ihres Repertoires und entf\u00fchren das Publikum in die faszinierende Welt der Romantik.<\/p>\n<p>Die 20-j\u00e4hrige Maria Karapanou interpretiert den ber\u00fchrenden Liederzyklus \u201e8 Lieder op. 10\u201c (1885) nach Gedichten aus Letzte Bl\u00e4tter von Richard Strauss. Der Cellist Maximilian Kolloros begeistert mit der folkloristisch gepr\u00e4gten, sp\u00e4tromantischen Suite f\u00fcr Violoncello von Gaspar Cassad\u00f3.<\/p>\n<p>Auch die Geigerin Laura Kostner und die Pianistin Idil Naz Alici \u00f6ffnen mit ausgew\u00e4hlten Werken die T\u00fcr zu den spannendsten Facetten ihres Kernrepertoires.<\/p>\n<p>Ein Konzert voller Leidenschaft, Virtuosit\u00e4t und musikalischer \u00dcberraschungen \u2013 lassen Sie sich von vier au\u00dfergew\u00f6hnlichen Talenten verzaubern!<\/p>\n<p>&nbsp;<\/p>\n<p><em>\u00a0<\/em><\/p>\n<p><span style=\"color: #ff0000;\"><em>Praktische Infos <\/em><\/span><\/p>\n<p>Freier Eintritt nach vorheriger Anmeldung, solange Pl\u00e4tze verf\u00fcgbar sind: <a href=\"mailto:events.rom-kf@bmeia.gv.at\">events.rom-kf@bmeia.gv.at<\/a><\/p>\n<p><\/p>","protected":false},"excerpt":{"rendered":"<\/p>\n<p>Maria Karapanou (Sopran), Idil Naz Alici (Klavier), Laura Kostner (Violine) und Maximilian Kolloros (Violoncello) haben bei \u00d6sterreichs renommiertesten Musiknachwuchswettbewerb \u201cprima la musica\u201d vergangenen Mai und Juni gro\u00dfartige Erfolge gefeiert und z\u00e4hlen somit zu den gefragtesten Ausnahmetalenten des Musiklandes \u00d6sterreich.<\/p>\n<p>Am 28. Oktober pr\u00e4sentieren sie selten zu h\u00f6rende Kostbarkeiten ihres Repertoires und entf\u00fchren das Publikum in die faszinierende Welt der Romantik.<\/p>\n<p>Die 20-j\u00e4hrige Maria Karapanou interpretiert den ber\u00fchrenden Liederzyklus \u201e8 Lieder op. 10\u201c (1885) nach Gedichten aus Letzte Bl\u00e4tter von Richard Strauss. Der [&#8230;]<\/p>\n","protected":false},"author":2,"featured_media":27458,"comment_status":"closed","ping_status":"closed","template":"","meta":{"footnotes":""},"tags":[],"tribe_events_cat":[313],"class_list":["post-27457","tribe_events","type-tribe_events","status-publish","has-post-thumbnail","hentry","tribe_events_cat-concerto","cat_concerto"],"_links":{"self":[{"href":"https:\/\/www.austriacult.roma.it\/de\/wp-json\/wp\/v2\/tribe_events\/27457","targetHints":{"allow":["GET"]}}],"collection":[{"href":"https:\/\/www.austriacult.roma.it\/de\/wp-json\/wp\/v2\/tribe_events"}],"about":[{"href":"https:\/\/www.austriacult.roma.it\/de\/wp-json\/wp\/v2\/types\/tribe_events"}],"author":[{"embeddable":true,"href":"https:\/\/www.austriacult.roma.it\/de\/wp-json\/wp\/v2\/users\/2"}],"replies":[{"embeddable":true,"href":"https:\/\/www.austriacult.roma.it\/de\/wp-json\/wp\/v2\/comments?post=27457"}],"version-history":[{"count":1,"href":"https:\/\/www.austriacult.roma.it\/de\/wp-json\/wp\/v2\/tribe_events\/27457\/revisions"}],"predecessor-version":[{"id":27459,"href":"https:\/\/www.austriacult.roma.it\/de\/wp-json\/wp\/v2\/tribe_events\/27457\/revisions\/27459"}],"wp:featuredmedia":[{"embeddable":true,"href":"https:\/\/www.austriacult.roma.it\/de\/wp-json\/wp\/v2\/media\/27458"}],"wp:attachment":[{"href":"https:\/\/www.austriacult.roma.it\/de\/wp-json\/wp\/v2\/media?parent=27457"}],"wp:term":[{"taxonomy":"post_tag","embeddable":true,"href":"https:\/\/www.austriacult.roma.it\/de\/wp-json\/wp\/v2\/tags?post=27457"},{"taxonomy":"tribe_events_cat","embeddable":true,"href":"https:\/\/www.austriacult.roma.it\/de\/wp-json\/wp\/v2\/tribe_events_cat?post=27457"}],"curies":[{"name":"wp","href":"https:\/\/api.w.org\/{rel}","templated":true}]}}