{"id":27365,"date":"2026-08-14T16:53:26","date_gmt":"2026-08-14T14:53:26","guid":{"rendered":"https:\/\/www.austriacult.roma.it\/?post_type=tribe_events&#038;p=27365"},"modified":"2026-09-01T12:32:15","modified_gmt":"2026-09-01T10:32:15","slug":"cerimonia-di-consegna-del-premio-letterario-austriaco","status":"publish","type":"tribe_events","link":"https:\/\/www.austriacult.roma.it\/de\/veranstaltung\/cerimonia-di-consegna-del-premio-letterario-austriaco\/","title":{"rendered":"Preisverleihung Energheia \u00d6sterreich"},"content":{"rendered":"<p><\/p>\n<p>Die 29-j\u00e4hrige <strong>Marianne Ertl di<\/strong> aus Wien gewinnt den Energheia Preis \u00d6sterreich 2026 mit der Erz\u00e4hlung \u201c<em>Gedankenfragmente\u00a0der Stunde vor&#8220;<\/em>. Lobende Erw\u00e4hnung erhielt <em>&#8222;Derealisation&#8220;<\/em>, vom 22-j\u00e4hrigen <strong>Florian Jan<\/strong> aus Graz.<\/p>\n<p>&nbsp;<\/p>\n<p>Unter der Schirmherrschaft der Regionalverwaltung der Basilikata und des \u00d6sterreichischen Kulturforums Rom schreibt der Kulturverein Energheia aus Matera j\u00e4hrlich den Literaturpreis \u201eEnergheia \u00d6sterreich\u201c aus. Teilnahmeberechtigt sind SchriftstellerInnen zwischen 18 und 30 Jahren. Pr\u00e4miert wird die beste Kurzgeschichte auf Deutsch.<\/p>\n<p>&nbsp;<\/p>\n<p><span style=\"color: #ff0000;\"><em>Weitere Infos<\/em><\/span><\/p>\n<p><span style=\"text-decoration: underline;\"><span style=\"color: #0000ff; text-decoration: underline;\">www.energheia.org<\/span><\/span><\/p>\n<p><\/p>","protected":false},"excerpt":{"rendered":"<\/p>\n<p>Die 29-j\u00e4hrige Marianne Ertl di aus Wien gewinnt den Energheia Preis \u00d6sterreich 2026 mit der Erz\u00e4hlung \u201cGedankenfragmente\u00a0der Stunde vor&#8220;. Lobende Erw\u00e4hnung erhielt &#8222;Derealisation&#8220;, vom 22-j\u00e4hrigen Florian Jan aus Graz.<\/p>\n<p>&nbsp;<\/p>\n<p>Unter der Schirmherrschaft der Regionalverwaltung der Basilikata und des \u00d6sterreichischen Kulturforums Rom schreibt der Kulturverein Energheia aus Matera j\u00e4hrlich den Literaturpreis \u201eEnergheia \u00d6sterreich\u201c aus. Teilnahmeberechtigt sind SchriftstellerInnen zwischen 18 und 30 Jahren. Pr\u00e4miert wird die beste Kurzgeschichte auf Deutsch.<\/p>\n<p>&nbsp;<\/p>\n<p>Weitere Infos<\/p>\n<p>www.energheia.org<\/p><\/p>\n","protected":false},"author":2,"featured_media":27366,"comment_status":"closed","ping_status":"closed","template":"","meta":{"footnotes":""},"tags":[],"tribe_events_cat":[342],"class_list":["post-27365","tribe_events","type-tribe_events","status-publish","has-post-thumbnail","hentry","tribe_events_cat-letteratura","cat_letteratura"],"_links":{"self":[{"href":"https:\/\/www.austriacult.roma.it\/de\/wp-json\/wp\/v2\/tribe_events\/27365","targetHints":{"allow":["GET"]}}],"collection":[{"href":"https:\/\/www.austriacult.roma.it\/de\/wp-json\/wp\/v2\/tribe_events"}],"about":[{"href":"https:\/\/www.austriacult.roma.it\/de\/wp-json\/wp\/v2\/types\/tribe_events"}],"author":[{"embeddable":true,"href":"https:\/\/www.austriacult.roma.it\/de\/wp-json\/wp\/v2\/users\/2"}],"replies":[{"embeddable":true,"href":"https:\/\/www.austriacult.roma.it\/de\/wp-json\/wp\/v2\/comments?post=27365"}],"version-history":[{"count":3,"href":"https:\/\/www.austriacult.roma.it\/de\/wp-json\/wp\/v2\/tribe_events\/27365\/revisions"}],"predecessor-version":[{"id":27429,"href":"https:\/\/www.austriacult.roma.it\/de\/wp-json\/wp\/v2\/tribe_events\/27365\/revisions\/27429"}],"wp:featuredmedia":[{"embeddable":true,"href":"https:\/\/www.austriacult.roma.it\/de\/wp-json\/wp\/v2\/media\/27366"}],"wp:attachment":[{"href":"https:\/\/www.austriacult.roma.it\/de\/wp-json\/wp\/v2\/media?parent=27365"}],"wp:term":[{"taxonomy":"post_tag","embeddable":true,"href":"https:\/\/www.austriacult.roma.it\/de\/wp-json\/wp\/v2\/tags?post=27365"},{"taxonomy":"tribe_events_cat","embeddable":true,"href":"https:\/\/www.austriacult.roma.it\/de\/wp-json\/wp\/v2\/tribe_events_cat?post=27365"}],"curies":[{"name":"wp","href":"https:\/\/api.w.org\/{rel}","templated":true}]}}