{"id":21670,"date":"2024-09-19T16:32:21","date_gmt":"2024-09-19T14:32:21","guid":{"rendered":"https:\/\/www.austriacult.roma.it\/?post_type=tribe_events&#038;p=21670"},"modified":"2024-09-24T10:11:47","modified_gmt":"2024-09-24T08:11:47","slug":"refractive-index-monocolor-aka-marian-essl","status":"publish","type":"tribe_events","link":"https:\/\/www.austriacult.roma.it\/de\/veranstaltung\/refractive-index-monocolor-aka-marian-essl\/","title":{"rendered":"REFRACTIVE INDEX | MONOCOLOR aka Marian Essl"},"content":{"rendered":"<p><\/p>\n<p style=\"text-align: justify;\"><strong>MONOCOLOR<\/strong> alias Marian Essl nimmt mit der audiovisuellen Live-Performance <strong>REFRACTIVE INDEX<\/strong> am MA\/IN Festival 2024 teil.<\/p>\n<p style=\"text-align: justify;\">So pr\u00e4sentiert das Festival das Werk des \u00f6sterreichischen K\u00fcnstlers:<\/p>\n<p style=\"text-align: justify;\">\u201eBilder und T\u00f6ne, vollst\u00e4ndig selbst erzeugt, schaffen ein audiovisuelles Erlebnis in st\u00e4ndiger Ver\u00e4nderung. Schw\u00e4rme aus Punkten bilden instabile Formen, die zwischen komplexen, architektonischen Strukturen und nat\u00fcrlichen, organischen Mustern oszillieren. An der Grenze zwischen Nat\u00fcrlichem und K\u00fcnstlichem verortet, soll das Werk ein Gef\u00fchl der Verg\u00e4nglichkeit und Zerbrechlichkeit vermitteln.\u201c<\/p>\n<p style=\"text-align: justify;\">F\u00fcr einen Eindruck der Performances von MONOCOLOR: <span style=\"color: #0000ff;\"><a style=\"color: #0000ff;\" href=\"https:\/\/mnclr.com\/refractive-index\">MONOCOLOR &#8211; REFRACTIVE INDEX (mnclr.com)<\/a><\/span><\/p>\n<p style=\"text-align: justify;\"><strong>MONOCOLOR<\/strong> alias\u00a0<strong>Marian Essl <\/strong>lebt als audiovisueller K\u00fcnstler in Wien. Er erforscht die Wechselbeziehungen zwischen Ton und Bild sowohl in performancebasierten Arbeiten als auch in Installationen. Seine Bilder, die generativ und algorithmisch erzeugt werden, oszillieren zwischen flie\u00dfenden, organischen Texturen und starren Strukturen. Marian konzentriert sich auf die Beziehung zwischen Klang, Bild, Licht und Raum mit dem Ziel, hochgradig immersive audiovisuelle Universen zu schaffen. Seine Werke wurden auf der ganzen Welt ausgestellt. Im Jahr 2020 erhielt er den New Face Award des Japan Media Arts Festival f\u00fcr seine audiovisuelle Fulldome-Performance Latent Space, die w\u00e4hrend eines Aufenthalts bei der Soci\u00e9t\u00e9 des arts technologiques (SAT) in Montr\u00e9al entstand. Im Fr\u00fchjahr 2024 er\u00f6ffnete er eine gro\u00dfe Einzelausstellung mit dem Titel SCREEN-SPACE in Krems, \u00d6sterreich.<\/p>\n<p style=\"text-align: justify;\"><span style=\"color: #0000ff;\"><a style=\"color: #0000ff;\" href=\"http:\/\/www.mnclr.com\">www.mnclr.com<\/a><\/span><\/p>\n<p style=\"text-align: justify;\"><strong>MA\/IN<\/strong> ist ein internationales Festival der digitalen Kulturen. Es findet j\u00e4hrlich in S\u00fcditalien [Matera &#8211; Potenza &#8211; Lecce] statt und pr\u00e4sentiert die Arbeiten aufstrebender Komponisten und Medienk\u00fcnstler. Das Spektrum reicht von moderner experimenteller Musik und Klangkunst bis hin zu Transmedia- und Performance-Arbeiten. Jedes Jahr werden neue Werke an au\u00dfergew\u00f6hnlichen Veranstaltungsorten uraufgef\u00fchrt.<\/p>\n<p style=\"text-align: justify;\"><span style=\"color: #0000ff;\"><a style=\"color: #0000ff;\" href=\"https:\/\/www.mainfest.it\/\">MA\/IN festival \u2013 electroacoustic music + digital art (mainfest.it)<\/a><\/span><\/p>\n<p>&nbsp;<\/p>\n<p><\/p>","protected":false},"excerpt":{"rendered":"<\/p>\n<p style=\"text-align: justify;\">MONOCOLOR alias Marian Essl nimmt mit der audiovisuellen Live-Performance REFRACTIVE INDEX am MA\/IN Festival 2024 teil.<\/p>\n<p style=\"text-align: justify;\">So pr\u00e4sentiert das Festival das Werk des \u00f6sterreichischen K\u00fcnstlers:<\/p>\n<p style=\"text-align: justify;\">\u201eBilder und T\u00f6ne, vollst\u00e4ndig selbst erzeugt, schaffen ein audiovisuelles Erlebnis in st\u00e4ndiger Ver\u00e4nderung. Schw\u00e4rme aus Punkten bilden instabile Formen, die zwischen komplexen, architektonischen Strukturen und nat\u00fcrlichen, organischen Mustern oszillieren. An der Grenze zwischen Nat\u00fcrlichem und K\u00fcnstlichem verortet, soll das Werk ein Gef\u00fchl der Verg\u00e4nglichkeit und Zerbrechlichkeit vermitteln.\u201c<\/p>\n<p style=\"text-align: justify;\">F\u00fcr einen Eindruck [&#8230;]<\/p>\n","protected":false},"author":2,"featured_media":21682,"comment_status":"closed","ping_status":"closed","template":"","meta":{"footnotes":""},"tags":[],"tribe_events_cat":[32,21],"class_list":["post-21670","tribe_events","type-tribe_events","status-publish","has-post-thumbnail","hentry","tribe_events_cat-programm","tribe_events_cat-perform-tanz-theater","cat_programm","cat_perform-tanz-theater"],"_links":{"self":[{"href":"https:\/\/www.austriacult.roma.it\/de\/wp-json\/wp\/v2\/tribe_events\/21670","targetHints":{"allow":["GET"]}}],"collection":[{"href":"https:\/\/www.austriacult.roma.it\/de\/wp-json\/wp\/v2\/tribe_events"}],"about":[{"href":"https:\/\/www.austriacult.roma.it\/de\/wp-json\/wp\/v2\/types\/tribe_events"}],"author":[{"embeddable":true,"href":"https:\/\/www.austriacult.roma.it\/de\/wp-json\/wp\/v2\/users\/2"}],"replies":[{"embeddable":true,"href":"https:\/\/www.austriacult.roma.it\/de\/wp-json\/wp\/v2\/comments?post=21670"}],"version-history":[{"count":4,"href":"https:\/\/www.austriacult.roma.it\/de\/wp-json\/wp\/v2\/tribe_events\/21670\/revisions"}],"predecessor-version":[{"id":21720,"href":"https:\/\/www.austriacult.roma.it\/de\/wp-json\/wp\/v2\/tribe_events\/21670\/revisions\/21720"}],"wp:featuredmedia":[{"embeddable":true,"href":"https:\/\/www.austriacult.roma.it\/de\/wp-json\/wp\/v2\/media\/21682"}],"wp:attachment":[{"href":"https:\/\/www.austriacult.roma.it\/de\/wp-json\/wp\/v2\/media?parent=21670"}],"wp:term":[{"taxonomy":"post_tag","embeddable":true,"href":"https:\/\/www.austriacult.roma.it\/de\/wp-json\/wp\/v2\/tags?post=21670"},{"taxonomy":"tribe_events_cat","embeddable":true,"href":"https:\/\/www.austriacult.roma.it\/de\/wp-json\/wp\/v2\/tribe_events_cat?post=21670"}],"curies":[{"name":"wp","href":"https:\/\/api.w.org\/{rel}","templated":true}]}}