{"id":17626,"date":"2024-04-09T15:26:50","date_gmt":"2024-04-09T13:26:50","guid":{"rendered":"https:\/\/www.austriacult.roma.it\/?post_type=tribe_events&#038;p=17626"},"modified":"2024-04-30T14:30:45","modified_gmt":"2024-04-30T12:30:45","slug":"the-petunia-carnage-klaus-pichler-2","status":"publish","type":"tribe_events","link":"https:\/\/www.austriacult.roma.it\/de\/veranstaltung\/the-petunia-carnage-klaus-pichler-2\/","title":{"rendered":"THE PETUNIA CARNAGE | Klaus Pichler"},"content":{"rendered":"<p><\/p>\n<p style=\"text-align: justify;\"><a href=\"https:\/\/www.austriacult.roma.it\/de\/kategorie\/hintergrund\/\"><img loading=\"lazy\" decoding=\"async\" class=\"wpa-warning wpa-image-missing-alt alignright wp-image-16888 size-thumbnail\" src=\"https:\/\/www.austriacult.roma.it\/wp-content\/uploads\/2024\/02\/VITA-GIARDINO-HP-150x150.jpg\" alt=\"\" width=\"150\" height=\"150\" data-warning=\"Missing alt text\" srcset=\"https:\/\/www.austriacult.roma.it\/wp-content\/uploads\/2024\/02\/VITA-GIARDINO-HP-150x150.jpg 150w, https:\/\/www.austriacult.roma.it\/wp-content\/uploads\/2024\/02\/VITA-GIARDINO-HP-1536x1536.jpg 1536w, https:\/\/www.austriacult.roma.it\/wp-content\/uploads\/2024\/02\/VITA-GIARDINO-HP-2048x2048.jpg 2048w, https:\/\/www.austriacult.roma.it\/wp-content\/uploads\/2024\/02\/VITA-GIARDINO-HP-350x350.jpg 350w\" sizes=\"auto, (max-width: 150px) 100vw, 150px\" \/><\/a>In der Bilderserie \u201eThe Petunia Carnage\u201c (Das Petuniengemetzel) erz\u00e4hlt Fotograf Klaus Pichler von einer genmanipulierten Petuniensorte und ihrer Zerst\u00f6rung.<\/p>\n<p style=\"text-align: justify;\">Im Mai 2015 bemerkte der finnische Pflanzenwissenschaftler Teemu Teeri in Helsinki einige leuchtend orangefarbene Petunien in einem Blumentrog. Er war \u00fcberrascht, da Petunien nicht von Natur aus orange sind &#8211; seine Vermutung, wonach es sich um genmanipulierte Pflanzen handelte, best\u00e4tigte sich bei ersten Tests. Er erinnerte sich an ein bahnbrechendes und umstrittenes Experiment, das 1990 am Max-Planck-Institut in K\u00f6ln stattgefunden hatte, es stellte sich heraus, dass die orangen Petunien genau jene Gensequenz in sich trugen. Offenbar war ihnen eine mysteri\u00f6se \u201eFlucht aus dem Labor\u201c gelungen und sie wurden 25 Jahre lang weltweit und ohne Zulassung weitergez\u00fcchtet und verkauft.<\/p>\n<p style=\"text-align: justify;\">2017 rief das US Department of Agriculture zur weltweiten Vernichtung von orangefarbenen Petunienpflanzen auf \u00a0&#8211; dies war der Ausgangspunkt eines Falles, der zur massenhaften Vernichtung aller orangefarbenen Petunienvarianten weltweit f\u00fchrte.<\/p>\n<p style=\"text-align: justify;\">Die Geschichte der orangefarbenen Petunien ist mehr als eine wissenschaftliche Anekdote \u2013 sie ist vielmehr ein Gleichnis daf\u00fcr, was passieren kann, wenn wissenschaftliches Interesse, kommerzielle Marketinglogik, gesellschaftspolitische Werte, \u00f6ffentlicher Diskurs und unerwartete Zuf\u00e4lle aufeinandertreffen. <span style=\"color: #0000ff;\"><a style=\"color: #0000ff;\" href=\"http:\/\/www.klauspichler.net\">www.klauspichler.net<\/a>\u00a0<\/span><\/p>\n<p>&nbsp;<\/p>\n<p style=\"text-align: justify;\"><strong>Klaus Pichler<\/strong> Klaus Pichler wurde 1977 geboren, heute lebt und arbeitet er in Wien\/ \u00d6sterreich. An der Universit\u00e4t f\u00fcr Bodenkultur Wien (BOKU) studierte er von 1996\u20132005 Landschaftsplanung und Landschaftsarchitektur. Die Zeit neben dem Studium nutzte er bereits zum Fotografieren. Seit 2005 ist Klaus Pichler als freischaffender Fotograf t\u00e4tig, den Schwerpunkt legt er dabei auf k\u00fcnstlerische Arbeiten an der Schnittstelle zwischen Gesellschaft, Wissenschaft und Umwelt. <span style=\"color: #0000ff;\"><a style=\"color: #0000ff;\" href=\"http:\/\/www.klauspichler.net\">www.klauspichler.net<\/a>\u00a0<\/span><\/p>\n<p style=\"text-align: justify;\">In Zusammenarbeit mit dem\u00a0<span style=\"color: #0000ff;\"><a style=\"color: #0000ff;\" href=\"https:\/\/www.fotografiacalabriafestival.it\/\">Fotografia Calabria Festival<\/a><\/span>. Ganz im Sinne des internationalen Kulturaustauschs unterst\u00fctzte das \u00d6sterreichische Kulturforum Rom die Teilnahme von Klaus Pichler am Festival 2023, daraus entstand \u2013 erg\u00e4nzt mit weiteren Arbeiten \u2013 die aktuelle Ausstellung.\u00a0<\/p>\n<p style=\"text-align: justify;\">Ausstellungsdauer: <span style=\"color: #0000ff;\"><a style=\"color: #0000ff;\" href=\"https:\/\/www.austriacult.roma.it\/de\/veranstaltung\/the-petunia-carnage-klaus-pichler-3\/\">10. Mai \u2013 27. Juni 2024<\/a><\/span><\/p>\n<p style=\"text-align: justify;\">Geschlossen: 20. und 30. Mai, samstags, sonntags und feiertags<\/p>\n<p>&nbsp;<\/p>\n<p>&nbsp;<\/p>\n<p><\/p>","protected":false},"excerpt":{"rendered":"<\/p>\n<p style=\"text-align: justify;\"><a href=\"https:\/\/www.austriacult.roma.it\/de\/kategorie\/hintergrund\/\"><\/a>In der Bilderserie \u201eThe Petunia Carnage\u201c (Das Petuniengemetzel) erz\u00e4hlt Fotograf Klaus Pichler von einer genmanipulierten Petuniensorte und ihrer Zerst\u00f6rung.<\/p>\n<p style=\"text-align: justify;\">Im Mai 2015 bemerkte der finnische Pflanzenwissenschaftler Teemu Teeri in Helsinki einige leuchtend orangefarbene Petunien in einem Blumentrog. Er war \u00fcberrascht, da Petunien nicht von Natur aus orange sind &#8211; seine Vermutung, wonach es sich um genmanipulierte Pflanzen handelte, best\u00e4tigte sich bei ersten Tests. Er erinnerte sich an ein bahnbrechendes und umstrittenes Experiment, das 1990 am Max-Planck-Institut [&#8230;]<\/p>\n","protected":false},"author":2,"featured_media":17627,"comment_status":"closed","ping_status":"closed","template":"","meta":{"footnotes":""},"tags":[],"tribe_events_cat":[334,312,32,290],"class_list":["post-17626","tribe_events","type-tribe_events","status-publish","has-post-thumbnail","hentry","tribe_events_cat-vita-giardino","tribe_events_cat-arte-contemporanea","tribe_events_cat-programm","tribe_events_cat-inaugurazione","cat_vita-giardino","cat_arte-contemporanea","cat_programm","cat_inaugurazione"],"_links":{"self":[{"href":"https:\/\/www.austriacult.roma.it\/de\/wp-json\/wp\/v2\/tribe_events\/17626","targetHints":{"allow":["GET"]}}],"collection":[{"href":"https:\/\/www.austriacult.roma.it\/de\/wp-json\/wp\/v2\/tribe_events"}],"about":[{"href":"https:\/\/www.austriacult.roma.it\/de\/wp-json\/wp\/v2\/types\/tribe_events"}],"author":[{"embeddable":true,"href":"https:\/\/www.austriacult.roma.it\/de\/wp-json\/wp\/v2\/users\/2"}],"replies":[{"embeddable":true,"href":"https:\/\/www.austriacult.roma.it\/de\/wp-json\/wp\/v2\/comments?post=17626"}],"version-history":[{"count":20,"href":"https:\/\/www.austriacult.roma.it\/de\/wp-json\/wp\/v2\/tribe_events\/17626\/revisions"}],"predecessor-version":[{"id":17891,"href":"https:\/\/www.austriacult.roma.it\/de\/wp-json\/wp\/v2\/tribe_events\/17626\/revisions\/17891"}],"wp:featuredmedia":[{"embeddable":true,"href":"https:\/\/www.austriacult.roma.it\/de\/wp-json\/wp\/v2\/media\/17627"}],"wp:attachment":[{"href":"https:\/\/www.austriacult.roma.it\/de\/wp-json\/wp\/v2\/media?parent=17626"}],"wp:term":[{"taxonomy":"post_tag","embeddable":true,"href":"https:\/\/www.austriacult.roma.it\/de\/wp-json\/wp\/v2\/tags?post=17626"},{"taxonomy":"tribe_events_cat","embeddable":true,"href":"https:\/\/www.austriacult.roma.it\/de\/wp-json\/wp\/v2\/tribe_events_cat?post=17626"}],"curies":[{"name":"wp","href":"https:\/\/api.w.org\/{rel}","templated":true}]}}