{"id":16886,"date":"2024-02-23T15:20:31","date_gmt":"2024-02-23T14:20:31","guid":{"rendered":"https:\/\/www.austriacult.roma.it\/?post_type=tribe_events&#038;p=16886"},"modified":"2024-03-20T10:09:08","modified_gmt":"2024-03-20T09:09:08","slug":"incontro-vita-giardino-il-giardino-al-femminile","status":"publish","type":"tribe_events","link":"https:\/\/www.austriacult.roma.it\/de\/veranstaltung\/incontro-vita-giardino-il-giardino-al-femminile\/","title":{"rendered":"FRAUEN ZWISCHEN WIDERSTAND UND PARTIZIPATION: EINE HERAUSFORDERUNG F\u00dcR DAS PATRIARCHAT | Edit Schlaffer"},"content":{"rendered":"<p><\/p>\n<p><img loading=\"lazy\" decoding=\"async\" class=\"wpa-warning wpa-image-missing-alt alignright wp-image-16888 size-full\" src=\"https:\/\/www.austriacult.roma.it\/wp-content\/uploads\/2024\/02\/VITA-GIARDINO-HP.jpg\" alt=\"Logo VITA GIARDINO\" width=\"200\" height=\"203\" data-warning=\"Missing alt text\" \/><\/p>\n<p>Die Ideologien des Patriarchats sind ein Destabilisierungsfaktor in einer Welt, die zunehmend in Unordnung ger\u00e4t. Die weltweite Unterdr\u00fcckung und Ausgrenzung von Frauen wird durch Kriege verst\u00e4rkt, und extremistische Ideologien richten sich speziell gegen M\u00e4dchen und Frauen. Der R\u00fcckschritt in Bezug auf Frauenrechte und -freiheiten stellt eine \u00e4u\u00dferst gegenw\u00e4rtige Bedrohung in einer jeden Gesellschaft dar. Das Prinzip des starken Mannes &#8211; Autokraten oder Kriegsherren &#8211; st\u00fctzt sich auf Ideologien der Misogynie.<\/p>\n<p><img loading=\"lazy\" decoding=\"async\" class=\"wpa-warning wpa-image-missing-alt size-full wp-image-16946 alignright\" style=\"outline-color: #b32d2e; outline-width: 4px;\" src=\"https:\/\/www.austriacult.roma.it\/wp-content\/uploads\/2024\/02\/FMH_Calliope_Instagram_TOOLBOX-002-NL-200w-e1709048136966.png\" alt=\"\" width=\"200\" height=\"84\" data-warning=\"Missing alt text\" \/><\/p>\n<p>Es hat sich gezeigt, dass gerade die Zivilgesellschaft diese Fragen und Probleme am besten versteht.<\/p>\n<p>Was k\u00f6nnen wir tun, um f\u00fcr eine Zukunft ohne Angst, ohne Unterdr\u00fcckung und ohne Gewalt an Frauen einzutreten?<\/p>\n<p>&nbsp;<\/p>\n<p>Edit Schlaffer im Gespr\u00e4ch mit Maria Luisa Boccia, Nicoletta Dentico und Maura Cossutta.<\/p>\n<p>Das Treffen findet auf Italienisch und auf Englisch mit Konsekutiv-\u00dcbersetzung statt.<\/p>\n<p>&nbsp;<\/p>\n<p><strong>Edit Schlaffer<\/strong> (Soziologin)<\/p>\n<p>Als eine der bedeutendsten \u00f6sterreichischen Feministinnen konzentriert sie sich in ihren Forschungen, Publikationen und Aktivit\u00e4ten auf Frauen und deren aktive Rolle in der internationalen Politik, der Zivilgesellschaft und ihren zwischenmenschlichen Beziehungen. Wesentliche Initiativen: &#8222;Amnesty for Women&#8220;, eine gemeinsam mit der Soziologin Cheryl Bernard 1981 gegr\u00fcndete feministische Menschenrechtsorganisation; &#8220; Women without Borders&#8220;, eine 2001 gegr\u00fcndete internationale Organisation f\u00fcr den Dialog und die Kooperation zwischen Frauen; &#8222;Sisters Against Violent Extremism&#8220;, eine 2008 gegr\u00fcndete Frauen-Plattform f\u00fcr den Kampf gegen Extremismus. Anerkennungen (Auswahl): &#8222;100 Global Thinkers&#8220; (Foreign Policy, 2016); &#8222;21 Leaders of the 21st Century&#8220; (Women&#8217;s eNews 2010); &#8222;150 Movers and Shakers&#8220; (Newsweek 2011); &#8222;European of the Jear&#8220; (Reader&#8217;s Digest 2018).<\/p>\n<p><span style=\"color: #0000ff;\"><a style=\"color: #0000ff;\" href=\"https:\/\/wwb.org\/about\/#board\">https:\/\/wwb.org\/about\/#board<\/a><\/span><\/p>\n<p><strong>\u00a0<\/strong><\/p>\n<p><strong>Women without Borders<\/strong> (<strong>WwB <\/strong>\u2013 Frauen ohne Grenzen) ist eine internationale gemeinn\u00fctzige Organisation mit Hauptsitz in Wien, die von Edit Schlaffer im Jahr 2001 gegr\u00fcndet wurde. WwB besch\u00e4ftigt sich mit den Themen Frauen in F\u00fchrungspositionen, capacity-building (Kompetenzaufbau), genderbasierte Gewalt, interkulturellen Dialog und die Pr\u00e4vention von gewaltbereitem Extremismus. Absichten: \u00a0<\/p>\n<p>&nbsp;<\/p>\n<ul>\n<li>Von unten nach oben arbeiten und die weiblichen F\u00fchrungskr\u00e4fte von morgen auf individueller, gemeinschaftlicher und globaler Ebene best\u00e4rken<\/li>\n<li>Unterst\u00fctzung und Inspiration f\u00fcr Frauen im Prozess des \u00dcbergangs von der Opferrolle zur handelnden Person<\/li>\n<li>Eintreten f\u00fcr eine Zukunft ohne Angst, Unterdr\u00fcckung und Gewalt an Frauen<\/li>\n<li>Einf\u00fchren und Normalisieren der Vorstellung von M\u00fcttern als erste Schutzinstanz gegen Extremismus in ihren H\u00e4usern und Communities<\/li>\n<li>Die Aufmerksamkeit der ganzen Welt auf die Stimmen einflussreicher lokaler F\u00fchrungspers\u00f6nlichkeiten lenken<\/li>\n<\/ul>\n<p>\u00a0F\u00fcr weitere Informationen: <span style=\"color: #0000ff;\"><a style=\"color: #0000ff;\" href=\"https:\/\/wwb.org\/\">https:\/\/wwb.org\/<\/a><\/span><\/p>\n<p>&nbsp;<\/p>\n<div class=\"wp-block-image\">\u00a0<\/div>\n<p><\/p>","protected":false},"excerpt":{"rendered":"<\/p>\n<p>Die Ideologien des Patriarchats sind ein Destabilisierungsfaktor in einer Welt, die zunehmend in Unordnung ger\u00e4t. Die weltweite Unterdr\u00fcckung und Ausgrenzung von Frauen wird durch Kriege verst\u00e4rkt, und extremistische Ideologien richten sich speziell gegen M\u00e4dchen und Frauen. Der R\u00fcckschritt in Bezug auf Frauenrechte und -freiheiten stellt eine \u00e4u\u00dferst gegenw\u00e4rtige Bedrohung in einer jeden Gesellschaft dar. Das Prinzip des starken Mannes &#8211; Autokraten oder Kriegsherren &#8211; st\u00fctzt sich auf Ideologien der Misogynie.<\/p>\n<\/p>\n<p>Es hat sich gezeigt, dass gerade die Zivilgesellschaft diese Fragen und [&#8230;]<\/p>\n","protected":false},"author":2,"featured_media":17097,"comment_status":"closed","ping_status":"closed","template":"","meta":{"footnotes":""},"tags":[],"tribe_events_cat":[334,319,32],"class_list":["post-16886","tribe_events","type-tribe_events","status-publish","has-post-thumbnail","hentry","tribe_events_cat-vita-giardino","tribe_events_cat-incontro","tribe_events_cat-programm","cat_vita-giardino","cat_incontro","cat_programm"],"_links":{"self":[{"href":"https:\/\/www.austriacult.roma.it\/de\/wp-json\/wp\/v2\/tribe_events\/16886","targetHints":{"allow":["GET"]}}],"collection":[{"href":"https:\/\/www.austriacult.roma.it\/de\/wp-json\/wp\/v2\/tribe_events"}],"about":[{"href":"https:\/\/www.austriacult.roma.it\/de\/wp-json\/wp\/v2\/types\/tribe_events"}],"author":[{"embeddable":true,"href":"https:\/\/www.austriacult.roma.it\/de\/wp-json\/wp\/v2\/users\/2"}],"replies":[{"embeddable":true,"href":"https:\/\/www.austriacult.roma.it\/de\/wp-json\/wp\/v2\/comments?post=16886"}],"version-history":[{"count":18,"href":"https:\/\/www.austriacult.roma.it\/de\/wp-json\/wp\/v2\/tribe_events\/16886\/revisions"}],"predecessor-version":[{"id":17265,"href":"https:\/\/www.austriacult.roma.it\/de\/wp-json\/wp\/v2\/tribe_events\/16886\/revisions\/17265"}],"wp:featuredmedia":[{"embeddable":true,"href":"https:\/\/www.austriacult.roma.it\/de\/wp-json\/wp\/v2\/media\/17097"}],"wp:attachment":[{"href":"https:\/\/www.austriacult.roma.it\/de\/wp-json\/wp\/v2\/media?parent=16886"}],"wp:term":[{"taxonomy":"post_tag","embeddable":true,"href":"https:\/\/www.austriacult.roma.it\/de\/wp-json\/wp\/v2\/tags?post=16886"},{"taxonomy":"tribe_events_cat","embeddable":true,"href":"https:\/\/www.austriacult.roma.it\/de\/wp-json\/wp\/v2\/tribe_events_cat?post=16886"}],"curies":[{"name":"wp","href":"https:\/\/api.w.org\/{rel}","templated":true}]}}