{"id":15855,"date":"2024-01-08T14:12:39","date_gmt":"2024-01-08T13:12:39","guid":{"rendered":"https:\/\/www.austriacult.roma.it\/?post_type=tribe_events&#038;p=15855"},"modified":"2024-01-08T14:39:23","modified_gmt":"2024-01-08T13:39:23","slug":"i-for-an-eye-iv-toshain","status":"publish","type":"tribe_events","link":"https:\/\/www.austriacult.roma.it\/de\/veranstaltung\/i-for-an-eye-iv-toshain\/","title":{"rendered":"\u201cI FOR AN EYE\u201d | Iv Toshain"},"content":{"rendered":"<p><\/p>\n<p>Die Einzelausstellung \u201cI for an Eye\u201d der \u00f6sterreichischen K\u00fcnstlerin <strong>Iv Toshain<\/strong> ist derzeit in Perugia zu sehen. Kuratiert von Giuseppe Simone Modeo, l\u00e4dt sie zum Nachdenken dar\u00fcber ein, was unsere Existenz ausmacht.\u00a0Die K\u00fcnstlerin behandelt Themen wie Konflikte und ihre Folgen und den endlosen Kreislauf von Rache und Gewalt. Diesen h\u00e4lt sie ihren Aufruf zu mehr Menschlichkeit und Mitgef\u00fchl entgegen, wo Empathie, Vers\u00f6hnung und Vergebung den Weg zum Frieden \u00f6ffnen.<\/p>\n<p>Dar\u00fcber hinaus beleuchtet die Ausstellung verschiedene globale Perspektiven auf Konflikte und Strafen und legt dabei besonderes Augenmerk auf das althergebrachte Konzept des \u201eAuge und Auge\u201c. \u00a0&#8222;I for an Eye\u201d will eine Einladung an das Publikum sein, unsere Welt in ihrer Komplexit\u00e4t zu betrachten und \u00fcber eine Zukunft nachzudenken, in der Einigkeit, Mitgef\u00fchl und Aufkl\u00e4rung dominieren.<\/p>\n<p><span style=\"color: #0000ff;\"><a style=\"color: #0000ff;\" href=\"https:\/\/www.austriacult.roma.it\/wp-content\/uploads\/2024\/01\/Projekt_Iv_TOSHAIN_ITA.pdf\"><u>Pressetext<\/u><\/a><br \/>\n<span style=\"color: #000000;\">\u00d6ffnungszeiten: t\u00e4glich 9.00-19.00 Uhr<\/span><\/span><\/p>\n<p>&nbsp;<\/p>\n<p><strong>Iv Toshain<\/strong> ist eine \u00f6sterreichische K\u00fcnstlerin und Aktivistin, die 1980 in Sofia (Bulgarien) geboren wurde und als kleines Kind mit ihrer Famile im Irak lebte.<\/p>\n<p>Nach dem Studium an der Accademia delle Belle Arti di Brera in Mailand, Italien, und an der Nationalen Kunstakademie in Sofia, Bulgarien, sowie dem MA-Abschluss in der Meisterklasse von Franz Graf an der Akademie der Bildenden Ku\u0308nste Wien, nahm sie an zahlreichen Gruppen- und Einzelausstellungen in den USA, England, Da\u0308nemark, Tschechien, Ruma\u0308nien, Polen, O\u0308sterreich, Bulgarien, Italien und Deutschland teil. In O\u0308sterreich stellte sie u.a. im Belvedere Museum in Wien, Lentos Museum in Linz, Museum fu\u0308r Angewandte Kunst (MAK) in Wien, Kunstraum Innsbruck, Ku\u0308nstlerhaus Wien und Kunsthalle Wien aus.<\/p>\n<p>Ihr k\u00fcnstlerisches Arbeitsfeld umfasst Installationen, Skulpturen, Performances und Malerei. \u00a0<\/p>\n<p><span style=\"color: #0000ff;\"><a style=\"color: #0000ff;\" href=\"https:\/\/www.facebook.com\/CulturaComunePG\/\">(20+) Facebook<\/a><\/span><\/p>\n<p><\/p>","protected":false},"excerpt":{"rendered":"<\/p>\n<p>Die Einzelausstellung \u201cI for an Eye\u201d der \u00f6sterreichischen K\u00fcnstlerin Iv Toshain ist derzeit in Perugia zu sehen. Kuratiert von Giuseppe Simone Modeo, l\u00e4dt sie zum Nachdenken dar\u00fcber ein, was unsere Existenz ausmacht.\u00a0Die K\u00fcnstlerin behandelt Themen wie Konflikte und ihre Folgen und den endlosen Kreislauf von Rache und Gewalt. Diesen h\u00e4lt sie ihren Aufruf zu mehr Menschlichkeit und Mitgef\u00fchl entgegen, wo Empathie, Vers\u00f6hnung und Vergebung den Weg zum Frieden \u00f6ffnen.<\/p>\n<p>Dar\u00fcber hinaus beleuchtet die Ausstellung verschiedene globale Perspektiven auf Konflikte und Strafen [&#8230;]<\/p>\n","protected":false},"author":2,"featured_media":15858,"comment_status":"closed","ping_status":"closed","template":"","meta":{"footnotes":""},"tags":[],"tribe_events_cat":[20],"class_list":["post-15855","tribe_events","type-tribe_events","status-publish","has-post-thumbnail","hentry","tribe_events_cat-mostre","cat_mostre"],"_links":{"self":[{"href":"https:\/\/www.austriacult.roma.it\/de\/wp-json\/wp\/v2\/tribe_events\/15855","targetHints":{"allow":["GET"]}}],"collection":[{"href":"https:\/\/www.austriacult.roma.it\/de\/wp-json\/wp\/v2\/tribe_events"}],"about":[{"href":"https:\/\/www.austriacult.roma.it\/de\/wp-json\/wp\/v2\/types\/tribe_events"}],"author":[{"embeddable":true,"href":"https:\/\/www.austriacult.roma.it\/de\/wp-json\/wp\/v2\/users\/2"}],"replies":[{"embeddable":true,"href":"https:\/\/www.austriacult.roma.it\/de\/wp-json\/wp\/v2\/comments?post=15855"}],"version-history":[{"count":10,"href":"https:\/\/www.austriacult.roma.it\/de\/wp-json\/wp\/v2\/tribe_events\/15855\/revisions"}],"predecessor-version":[{"id":15872,"href":"https:\/\/www.austriacult.roma.it\/de\/wp-json\/wp\/v2\/tribe_events\/15855\/revisions\/15872"}],"wp:featuredmedia":[{"embeddable":true,"href":"https:\/\/www.austriacult.roma.it\/de\/wp-json\/wp\/v2\/media\/15858"}],"wp:attachment":[{"href":"https:\/\/www.austriacult.roma.it\/de\/wp-json\/wp\/v2\/media?parent=15855"}],"wp:term":[{"taxonomy":"post_tag","embeddable":true,"href":"https:\/\/www.austriacult.roma.it\/de\/wp-json\/wp\/v2\/tags?post=15855"},{"taxonomy":"tribe_events_cat","embeddable":true,"href":"https:\/\/www.austriacult.roma.it\/de\/wp-json\/wp\/v2\/tribe_events_cat?post=15855"}],"curies":[{"name":"wp","href":"https:\/\/api.w.org\/{rel}","templated":true}]}}