{"id":13910,"date":"2023-10-13T13:05:38","date_gmt":"2023-10-13T11:05:38","guid":{"rendered":"https:\/\/www.austriacult.roma.it\/?post_type=tribe_events&#038;p=13910"},"modified":"2023-10-16T16:14:00","modified_gmt":"2023-10-16T14:14:00","slug":"austriamentis-2023","status":"publish","type":"tribe_events","link":"https:\/\/www.austriacult.roma.it\/de\/veranstaltung\/austriamentis-2023\/","title":{"rendered":"AUSTRIAMENTIS 2023"},"content":{"rendered":"<p><\/p>\n<p><strong>Bernhard Resch\/ offshore<\/strong><\/p>\n<p>Projekt AUSTRIAMENTIS 2023 kuratiert von Valentina Piredda-Sardinia.<\/p>\n<p>Der <em>artist in residence<\/em> des Land Salzburg Bernhard Resch, pr\u00e4sentiert seine Arbeiten der Serie <em>en passant<\/em> und Werke der Serie <em>tiptoeing along the concrete shore<\/em>.<\/p>\n<p>Beide Serien zeigen Aufnahmen von seinen Spazierg\u00e4ngen in urbanen Gebieten verschiedener L\u00e4nder, wobei viele davon in Paris entstanden sind, wo er einen Gro\u00dfteil des Jahres verbringt. Dabei fotografiert er Orte, die sein Interesse wecken und die er gerne als <em>zeitlos, steril, anonym <\/em>und<em> verlassen<\/em> beschreibt.<\/p>\n<p>Er reproduziert ausgew\u00e4hlte Fotos in einer Maltechnik, die dem Hyperrealismus \u00e4hnelt. Die Auswahl der Bilder erfolgt ausschlie\u00dflich nach subjektiven Kriterien. Durch die Verwendung von kleinformatigen Leinw\u00e4nden (10 x 15 cm) erhalten die Werke eine besondere Bedeutung, die sie von der Vielzahl der produzierten Aufnahmen abhebt. Diese kleinen Leinw\u00e4nde laden die BetrachterInnen dazu ein, genau hinzusehen und schaffen gleichzeitig eine vertraute Beziehung zu ihnen.<\/p>\n<p>Mit den neuen Arbeiten in Acryl und Gouache aus dem Zyklus \u201eBouquet maritime\u201c setzt Bernhard Resch seine in der ukrainischen Stadt Lwiw begonnene Arbeit fort.<\/p>\n<p>Die Motive &#8211; ungew\u00f6hnliche Muscheln, geologische Formationen und Tauwerk sowie Kunststoffe, die handwerkliche Techniken zeitgen\u00f6ssisch neu interpretieren \u2013 erweitern die k\u00fcnstlerischen Horizonte von Resch, indem sie seine Produktion mit der Insel Sardinien und seinem neuen Publikum im Mittelmeerraum verbinden.<\/p>\n<p><span style=\"color: #993366;\"><strong>instagram: bernhard_resch_13<\/strong><\/span><\/p>\n<p><span style=\"color: #993366;\"><strong><a style=\"color: #993366;\" href=\"http:\/\/www.bernhardresch.at\" target=\"_blank\" rel=\"noopener\">www.bernhardresch.at<\/a><\/strong><\/span><\/p>\n<p>&nbsp;<\/p>\n<p><\/p>","protected":false},"excerpt":{"rendered":"<\/p>\n<p>Bernhard Resch\/ offshore<\/p>\n<p>Projekt AUSTRIAMENTIS 2023 kuratiert von Valentina Piredda-Sardinia.<\/p>\n<p>Der artist in residence des Land Salzburg Bernhard Resch, pr\u00e4sentiert seine Arbeiten der Serie en passant und Werke der Serie tiptoeing along the concrete shore.<\/p>\n<p>Beide Serien zeigen Aufnahmen von seinen Spazierg\u00e4ngen in urbanen Gebieten verschiedener L\u00e4nder, wobei viele davon in Paris entstanden sind, wo er einen Gro\u00dfteil des Jahres verbringt. Dabei fotografiert er Orte, die sein Interesse wecken und die er gerne als zeitlos, steril, anonym und verlassen beschreibt.<\/p>\n<p>Er reproduziert ausgew\u00e4hlte Fotos [&#8230;]<\/p>\n","protected":false},"author":2,"featured_media":13911,"comment_status":"closed","ping_status":"closed","template":"","meta":{"footnotes":""},"tags":[],"tribe_events_cat":[32,20],"class_list":["post-13910","tribe_events","type-tribe_events","status-publish","has-post-thumbnail","hentry","tribe_events_cat-programm","tribe_events_cat-mostre","cat_programm","cat_mostre"],"_links":{"self":[{"href":"https:\/\/www.austriacult.roma.it\/de\/wp-json\/wp\/v2\/tribe_events\/13910","targetHints":{"allow":["GET"]}}],"collection":[{"href":"https:\/\/www.austriacult.roma.it\/de\/wp-json\/wp\/v2\/tribe_events"}],"about":[{"href":"https:\/\/www.austriacult.roma.it\/de\/wp-json\/wp\/v2\/types\/tribe_events"}],"author":[{"embeddable":true,"href":"https:\/\/www.austriacult.roma.it\/de\/wp-json\/wp\/v2\/users\/2"}],"replies":[{"embeddable":true,"href":"https:\/\/www.austriacult.roma.it\/de\/wp-json\/wp\/v2\/comments?post=13910"}],"version-history":[{"count":0,"href":"https:\/\/www.austriacult.roma.it\/de\/wp-json\/wp\/v2\/tribe_events\/13910\/revisions"}],"wp:featuredmedia":[{"embeddable":true,"href":"https:\/\/www.austriacult.roma.it\/de\/wp-json\/wp\/v2\/media\/13911"}],"wp:attachment":[{"href":"https:\/\/www.austriacult.roma.it\/de\/wp-json\/wp\/v2\/media?parent=13910"}],"wp:term":[{"taxonomy":"post_tag","embeddable":true,"href":"https:\/\/www.austriacult.roma.it\/de\/wp-json\/wp\/v2\/tags?post=13910"},{"taxonomy":"tribe_events_cat","embeddable":true,"href":"https:\/\/www.austriacult.roma.it\/de\/wp-json\/wp\/v2\/tribe_events_cat?post=13910"}],"curies":[{"name":"wp","href":"https:\/\/api.w.org\/{rel}","templated":true}]}}