{"id":13824,"date":"2023-09-26T15:04:03","date_gmt":"2023-09-26T13:04:03","guid":{"rendered":"https:\/\/www.austriacult.roma.it\/?post_type=tribe_events&#038;p=13824"},"modified":"2023-09-28T16:02:26","modified_gmt":"2023-09-28T14:02:26","slug":"precise-poetry-belinda-rukschcio","status":"publish","type":"tribe_events","link":"https:\/\/www.austriacult.roma.it\/de\/veranstaltung\/precise-poetry-belinda-rukschcio\/","title":{"rendered":"&#8220;Precise Poetry&#8220; | Belinda Rukschcio"},"content":{"rendered":"<p><\/p>\n<p style=\"text-align: justify;\">Vor der Filmvorf\u00fchrung findet eine F\u00fchrung der argentinischen K\u00fcnstlerin <strong>Luciana Levinton<\/strong> durch ihre Ausstellung &#8222;Bahia &#8211; Roma &#8211; Buenos Aires&#8220; \u00fcber die Architektur von <strong>Lina Bo Bardi<\/strong> statt (18 Uhr).<\/p>\n<p style=\"text-align: justify;\">Die \u00f6sterreichische Regisseurin <strong>Belinda Rukschcio<\/strong> unternimmt in ihrem Film &#8222;Precise Poetry&#8220; eine Reise zu einer der wichtigsten Architektinnen der Moderne, Lina Bo Bardi, die ihr Herz und ihre Bauten Brasilien widmete. Der Film wurde zum 100. Geburtstag der bereits verstorbenen Architektin gedreht und sch\u00f6pft insbesondere aus Interviews mit ihren Kollegen und Freunden. Gezeigt werden unter anderem ihre wichtigsten Projekte in Sao Paulo und Salvador da Bahia. \u00a0<\/p>\n<p style=\"text-align: justify;\">F\u00fcr weitere Informationen: <span style=\"color: #993366;\"><a style=\"color: #993366;\" href=\"https:\/\/m.facebook.com\/embajadaargentina.cultura\/\" target=\"_blank\" rel=\"noopener\">Casa Argentina en Roma | Facebook<\/a><\/span><\/p>\n<p style=\"text-align: justify;\"><strong>Belinda Rukschcio<\/strong> <br \/>\nNach dem Studium der Architektur an der Wiener Kunstschule und an der Technischen Universit\u00e4t Wien sowie einer Ausbildung an der Deutschen Akademie f\u00fcr Management in Berlin war Belinda Rukschcio als selbstst\u00e4ndige Architektin t\u00e4tig und hatte die Projektleitung am Haus der Architektur in Graz inne. Ein besonderes Highlight war f\u00fcr sie die Organisation des \u00d6sterreich-Pavillons bei der 11. Architekturbiennale in Venedig. Auch fungierte sie als wissenschaftliche Mitarbeiterin an diversen Universit\u00e4ten in Deutschland und forschte zuletzt in Berlin f\u00fcr die Bundesstiftung Baukultur zur Thematik St\u00e4dteplanung.<\/p>\n<p>&nbsp;<\/p>\n<p>&nbsp;<\/p>\n<p><\/p>","protected":false},"excerpt":{"rendered":"<\/p>\n<p style=\"text-align: justify;\">Vor der Filmvorf\u00fchrung findet eine F\u00fchrung der argentinischen K\u00fcnstlerin Luciana Levinton durch ihre Ausstellung &#8222;Bahia &#8211; Roma &#8211; Buenos Aires&#8220; \u00fcber die Architektur von Lina Bo Bardi statt (18 Uhr).<\/p>\n<p style=\"text-align: justify;\">Die \u00f6sterreichische Regisseurin Belinda Rukschcio unternimmt in ihrem Film &#8222;Precise Poetry&#8220; eine Reise zu einer der wichtigsten Architektinnen der Moderne, Lina Bo Bardi, die ihr Herz und ihre Bauten Brasilien widmete. Der Film wurde zum 100. Geburtstag der bereits verstorbenen Architektin gedreht und sch\u00f6pft insbesondere aus Interviews [&#8230;]<\/p>\n","protected":false},"author":2,"featured_media":13825,"comment_status":"closed","ping_status":"closed","template":"","meta":{"footnotes":""},"tags":[],"tribe_events_cat":[8],"class_list":["post-13824","tribe_events","type-tribe_events","status-publish","has-post-thumbnail","hentry","tribe_events_cat-kino","cat_kino"],"_links":{"self":[{"href":"https:\/\/www.austriacult.roma.it\/de\/wp-json\/wp\/v2\/tribe_events\/13824","targetHints":{"allow":["GET"]}}],"collection":[{"href":"https:\/\/www.austriacult.roma.it\/de\/wp-json\/wp\/v2\/tribe_events"}],"about":[{"href":"https:\/\/www.austriacult.roma.it\/de\/wp-json\/wp\/v2\/types\/tribe_events"}],"author":[{"embeddable":true,"href":"https:\/\/www.austriacult.roma.it\/de\/wp-json\/wp\/v2\/users\/2"}],"replies":[{"embeddable":true,"href":"https:\/\/www.austriacult.roma.it\/de\/wp-json\/wp\/v2\/comments?post=13824"}],"version-history":[{"count":0,"href":"https:\/\/www.austriacult.roma.it\/de\/wp-json\/wp\/v2\/tribe_events\/13824\/revisions"}],"wp:featuredmedia":[{"embeddable":true,"href":"https:\/\/www.austriacult.roma.it\/de\/wp-json\/wp\/v2\/media\/13825"}],"wp:attachment":[{"href":"https:\/\/www.austriacult.roma.it\/de\/wp-json\/wp\/v2\/media?parent=13824"}],"wp:term":[{"taxonomy":"post_tag","embeddable":true,"href":"https:\/\/www.austriacult.roma.it\/de\/wp-json\/wp\/v2\/tags?post=13824"},{"taxonomy":"tribe_events_cat","embeddable":true,"href":"https:\/\/www.austriacult.roma.it\/de\/wp-json\/wp\/v2\/tribe_events_cat?post=13824"}],"curies":[{"name":"wp","href":"https:\/\/api.w.org\/{rel}","templated":true}]}}