{"id":13272,"date":"2023-05-30T11:26:40","date_gmt":"2023-05-30T09:26:40","guid":{"rendered":"https:\/\/www.austriacult.roma.it\/?post_type=tribe_events&#038;p=13272"},"modified":"2023-06-06T15:18:20","modified_gmt":"2023-06-06T13:18:20","slug":"matter-out-of-place","status":"publish","type":"tribe_events","link":"https:\/\/www.austriacult.roma.it\/de\/veranstaltung\/matter-out-of-place\/","title":{"rendered":"MATTER OUT OF PLACE"},"content":{"rendered":"<p><\/p>\n<p>Regie: Nikolaus Geyrhalter<br \/>\n<em>Dokumentarfilm (2022, Dauer: 100&#8242;)<\/em><\/p>\n<p>MATTER OUT OF PLACE ist ein Film \u00fcber unseren M\u00fcll, der sich in den entlegensten Gegenden findet, und \u00fcber die Menschen, die versuchen, ihn zu beseitigen. Er ist eine Bestandsaufnahme der Verbreitung menschlicher Abf\u00e4lle bis in die entferntesten Pl\u00e4tze der Erde und eine Beobachtung der verzweifelten Versuche, des Problems Herr zu werden. Nicht nur im Meer und an den K\u00fcsten, auch in der Arktis, im Dschungel, hoch auf den Bergen und tief in der W\u00fcste finden sich fast \u00fcberall Abf\u00e4lle in unterschiedlichen Formen und Dimensionen. Mal sind es ganze Autowracks, alte Fernseher oder einfach Bauschutt, meistens aber sind es nur millimetergro\u00dfe zersetzte Kunststoffpartikel \u2013 die Menschheit hat ihre Visitenkarten gr\u00fcndlich verteilt.<br \/>\n<strong><span style=\"text-decoration: underline;\"><span style=\"color: #0000ff;\"><a style=\"color: #0000ff; text-decoration: underline;\" href=\"https:\/\/www.youtube.com\/watch?v=RWauz9BPODU\">TRAILER<\/a><\/span><\/span><\/strong><\/p>\n<p>Vor dem Spielfilm wird der Animationsfilm <strong>UNDER THE ENDLESS SKY<\/strong> von <strong>Alexandra Dzhinganskaya<\/strong> (UCR\/A 2022, 4\u2018) gezeigt. Ganz in Blau und Gelb gedreht, ruft die ukrainische Regisseurin darin ihre Erinnerungen an eine freie und gl\u00fcckliche Kindheit ab.\u00a0<br \/>\nDer Kurzfilm wurde vom \u00f6sterreichischen Festival TRICKY WOMEN, TRICKY REALITIES ausgew\u00e4hlt.\u00a0<\/p>\n<p><em>Freier Eintritt mit Voranmeldung unter <u><a href=\"mailto:prenotazione.forumaustriaco@gmail.com\">prenotazione.forumaustriaco@gmail.com<\/a><\/u><\/em><em> mit Angabe von Vor- und Nachnamen, Datum und Filmtitel bis 12 Uhr des Vorf\u00fchrungstages. Die Anmeldung ist erst mit Best\u00e4tigungsmail g\u00fcltig.\u00a0<br \/>\nAlle Filme sind in Originalsprache mit italienischen Untertiteln zu sehen. Bei Regen finden die Filmvorf\u00fchrungen im Bibliothekssaal statt.<\/em><\/p>\n<p>&nbsp;<\/p>\n<p><\/p>","protected":false},"excerpt":{"rendered":"<\/p>\n<p>Regie: Nikolaus Geyrhalter<br \/>\nDokumentarfilm (2022, Dauer: 100&#8242;)<\/p>\n<p>MATTER OUT OF PLACE ist ein Film \u00fcber unseren M\u00fcll, der sich in den entlegensten Gegenden findet, und \u00fcber die Menschen, die versuchen, ihn zu beseitigen. Er ist eine Bestandsaufnahme der Verbreitung menschlicher Abf\u00e4lle bis in die entferntesten Pl\u00e4tze der Erde und eine Beobachtung der verzweifelten Versuche, des Problems Herr zu werden. Nicht nur im Meer und an den K\u00fcsten, auch in der Arktis, im Dschungel, hoch auf den Bergen und tief in der [&#8230;]<\/p>\n","protected":false},"author":2,"featured_media":13273,"comment_status":"closed","ping_status":"closed","template":"","meta":{"footnotes":""},"tags":[],"tribe_events_cat":[8],"class_list":["post-13272","tribe_events","type-tribe_events","status-publish","has-post-thumbnail","hentry","tribe_events_cat-kino","cat_kino"],"_links":{"self":[{"href":"https:\/\/www.austriacult.roma.it\/de\/wp-json\/wp\/v2\/tribe_events\/13272","targetHints":{"allow":["GET"]}}],"collection":[{"href":"https:\/\/www.austriacult.roma.it\/de\/wp-json\/wp\/v2\/tribe_events"}],"about":[{"href":"https:\/\/www.austriacult.roma.it\/de\/wp-json\/wp\/v2\/types\/tribe_events"}],"author":[{"embeddable":true,"href":"https:\/\/www.austriacult.roma.it\/de\/wp-json\/wp\/v2\/users\/2"}],"replies":[{"embeddable":true,"href":"https:\/\/www.austriacult.roma.it\/de\/wp-json\/wp\/v2\/comments?post=13272"}],"version-history":[{"count":0,"href":"https:\/\/www.austriacult.roma.it\/de\/wp-json\/wp\/v2\/tribe_events\/13272\/revisions"}],"wp:featuredmedia":[{"embeddable":true,"href":"https:\/\/www.austriacult.roma.it\/de\/wp-json\/wp\/v2\/media\/13273"}],"wp:attachment":[{"href":"https:\/\/www.austriacult.roma.it\/de\/wp-json\/wp\/v2\/media?parent=13272"}],"wp:term":[{"taxonomy":"post_tag","embeddable":true,"href":"https:\/\/www.austriacult.roma.it\/de\/wp-json\/wp\/v2\/tags?post=13272"},{"taxonomy":"tribe_events_cat","embeddable":true,"href":"https:\/\/www.austriacult.roma.it\/de\/wp-json\/wp\/v2\/tribe_events_cat?post=13272"}],"curies":[{"name":"wp","href":"https:\/\/api.w.org\/{rel}","templated":true}]}}