{"id":13258,"date":"2023-05-30T10:44:58","date_gmt":"2023-05-30T08:44:58","guid":{"rendered":"https:\/\/www.austriacult.roma.it\/?post_type=tribe_events&#038;p=13258"},"modified":"2023-06-06T15:21:16","modified_gmt":"2023-06-06T13:21:16","slug":"alma-oskar","status":"publish","type":"tribe_events","link":"https:\/\/www.austriacult.roma.it\/de\/veranstaltung\/alma-oskar\/","title":{"rendered":"ALMA &#038; OSKAR"},"content":{"rendered":"<p><\/p>\n<p>Regie: Dieter Berner (2022, 88\u2018)<br \/>\nMit Emily Cox, Valentin Postlmayr, Anton von Lucke<\/p>\n<p>\nIm Fr\u00fchjahr 1912 verf\u00fchrt die soeben zur Witwe gewordene Alma Mahler, Grande Dame der Wiener Gesellschaft, das \u201eEnfant Terrible\u201c der Kunstszene, den jungen Maler Oskar Kokoschka. Aus einem sexuellen Abenteuer entsteht schnell eine leidenschaftliche Aff\u00e4re. Oskar betrachtet Alma als seine Muse, was mehr seiner m\u00e4nnlichen Fantasie entspricht als ihrer tats\u00e4chlichen Rolle. Denn Alma ist selbst K\u00fcnstlerin. Sie ist Komponistin, was in der damaligen Zeit ein schwieriges Unterfangen ist, und durch Oskars Obsession, diese Frau vollst\u00e4ndig besitzen zu wollen, zu scheitern droht. Ein Spiel um Macht und Abh\u00e4ngigkeit entsteht, das sowohl Alma als auch Oskar an den Rand der Selbstzerst\u00f6rung f\u00fchrt.<\/p>\n<p>Hilde Berger und Dieter Berner im <span style=\"text-decoration: underline;\"><span style=\"color: #0000ff;\"><a style=\"color: #0000ff; text-decoration: underline;\" href=\"https:\/\/www.austrianfilms.com\/interview\/hilde_berger_dieter_berner\/alma_und_oskar_DE\">Interview<\/a> <\/span><\/span>mit Karin Schiefer f\u00fcr AUSTRIAN FILMS.\u00a0<br \/>\n<span style=\"text-decoration: underline; color: #0000ff;\"><a style=\"color: #0000ff; text-decoration: underline;\" href=\"https:\/\/www.youtube.com\/watch?v=FugXmm3lEoc&amp;t=5s\">TRAILER<\/a><\/span><\/p>\n<p>Vor dem Spielfilm wird der Animationsfilm <strong>I\u2019M OK<\/strong> von <strong>Elisabeth Hobbs<\/strong> (CAN 2018, 6\u2018) gezeigt. Er erz\u00e4hlt von Oskar Kokoschka nach seiner R\u00fcckkehr aus dem 1. Weltkrieg, seinen Traumata und seinen Schl\u00fcsselerlebnissen. Der expressionistische Stil des Malers wird auch von der Regisseurin aufgegriffen.<br \/>\nDer Kurzfilm wurde vom \u00f6sterreichischen Festival TRICKY WOMEN, TRICKY REALITIES ausgew\u00e4hlt.\u00a0<\/p>\n<p>&nbsp;<\/p>\n<p><em>Freier Eintritt mit Voranmeldung unter <u><a href=\"mailto:prenotazione.forumaustriaco@gmail.com\">prenotazione.forumaustriaco@gmail.com<\/a><\/u><\/em><em> mit Angabe von Vor- und Nachnamen, Datum und Filmtitel bis 12 Uhr des Vorf\u00fchrungstages. Die Anmeldung ist erst mit Best\u00e4tigungsmail g\u00fcltig.\u00a0<br \/>\nAlle Filme sind in Originalsprache mit italienischen Untertiteln zu sehen. Bei Regen finden die Filmvorf\u00fchrungen im Bibliothekssaal statt.<\/em><\/p>\n<p>&nbsp;<\/p>\n<p><\/p>","protected":false},"excerpt":{"rendered":"<\/p>\n<p>Regie: Dieter Berner (2022, 88\u2018)<br \/>\nMit Emily Cox, Valentin Postlmayr, Anton von Lucke<\/p>\n<p>\nIm Fr\u00fchjahr 1912 verf\u00fchrt die soeben zur Witwe gewordene Alma Mahler, Grande Dame der Wiener Gesellschaft, das \u201eEnfant Terrible\u201c der Kunstszene, den jungen Maler Oskar Kokoschka. Aus einem sexuellen Abenteuer entsteht schnell eine leidenschaftliche Aff\u00e4re. Oskar betrachtet Alma als seine Muse, was mehr seiner m\u00e4nnlichen Fantasie entspricht als ihrer tats\u00e4chlichen Rolle. Denn Alma ist selbst K\u00fcnstlerin. Sie ist Komponistin, was in der damaligen Zeit ein schwieriges Unterfangen ist, [&#8230;]<\/p>\n","protected":false},"author":2,"featured_media":13259,"comment_status":"closed","ping_status":"closed","template":"","meta":{"footnotes":""},"tags":[],"tribe_events_cat":[8],"class_list":["post-13258","tribe_events","type-tribe_events","status-publish","has-post-thumbnail","hentry","tribe_events_cat-kino","cat_kino"],"_links":{"self":[{"href":"https:\/\/www.austriacult.roma.it\/de\/wp-json\/wp\/v2\/tribe_events\/13258","targetHints":{"allow":["GET"]}}],"collection":[{"href":"https:\/\/www.austriacult.roma.it\/de\/wp-json\/wp\/v2\/tribe_events"}],"about":[{"href":"https:\/\/www.austriacult.roma.it\/de\/wp-json\/wp\/v2\/types\/tribe_events"}],"author":[{"embeddable":true,"href":"https:\/\/www.austriacult.roma.it\/de\/wp-json\/wp\/v2\/users\/2"}],"replies":[{"embeddable":true,"href":"https:\/\/www.austriacult.roma.it\/de\/wp-json\/wp\/v2\/comments?post=13258"}],"version-history":[{"count":0,"href":"https:\/\/www.austriacult.roma.it\/de\/wp-json\/wp\/v2\/tribe_events\/13258\/revisions"}],"wp:featuredmedia":[{"embeddable":true,"href":"https:\/\/www.austriacult.roma.it\/de\/wp-json\/wp\/v2\/media\/13259"}],"wp:attachment":[{"href":"https:\/\/www.austriacult.roma.it\/de\/wp-json\/wp\/v2\/media?parent=13258"}],"wp:term":[{"taxonomy":"post_tag","embeddable":true,"href":"https:\/\/www.austriacult.roma.it\/de\/wp-json\/wp\/v2\/tags?post=13258"},{"taxonomy":"tribe_events_cat","embeddable":true,"href":"https:\/\/www.austriacult.roma.it\/de\/wp-json\/wp\/v2\/tribe_events_cat?post=13258"}],"curies":[{"name":"wp","href":"https:\/\/api.w.org\/{rel}","templated":true}]}}