{"id":13235,"date":"2023-05-25T16:31:55","date_gmt":"2023-05-25T14:31:55","guid":{"rendered":"https:\/\/www.austriacult.roma.it\/?post_type=tribe_events&#038;p=13235"},"modified":"2023-06-16T11:50:57","modified_gmt":"2023-06-16T09:50:57","slug":"sotto-le-stelle-dellaustria-5","status":"publish","type":"tribe_events","link":"https:\/\/www.austriacult.roma.it\/de\/veranstaltung\/sotto-le-stelle-dellaustria-3\/","title":{"rendered":"SOTTO LE STELLE DELL\u2019AUSTRIA &#8211; KINO"},"content":{"rendered":"<p><\/p>\n<p>Auch heuer l\u00e4dt das Kulturforum zum Kinogenuss unter Sternen. F\u00fcnf Spielfilme und ein Dokumentarfilm in drei Wochen geben einen Einblick in das aktuelle \u00f6sterreichische Filmschaffen. <br \/>\n2023 erh\u00e4lt <strong>SOTTO LE STELLE DELL\u2019AUSTRIA<\/strong> zudem einen weiblichen Schwerpunkt: Das \u00f6sterreichische Animationsfilm-Festival \u201cTricky Women\/Tricky Realities\u201d stellt sich mit jeweils einem Kurzfilm vor dem eigentlichen Spielfilm vor und auch bei den ausgew\u00e4hlten Hauptfilmen dominieren die Regisseurinnen. An zwei Abenden sind zudem Festivalleiterin Waltraud Grausgruber bzw. Regisseurin Tizza Covi mit Hauptdarstellerin Vera Gemma zu Gast und sprechen mit Kurator Stefano Finesi \u00fcber ihr Filmschaffen.<\/p>\n<p>Das Programm:\u00a0<\/p>\n<p>20. Juni, 21.00 Uhr| <span style=\"text-decoration: underline;\"><span style=\"color: #0000ff; text-decoration: underline;\"><a style=\"color: #0000ff; text-decoration: underline;\" href=\"https:\/\/www.austriacult.roma.it\/de\/veranstaltung\/alma-oskar\/\">Alma &amp; Oskar <\/a><\/span><\/span>(Dieter Berner)<br \/>\n21. Juni, 21.00 Uhr | <span style=\"text-decoration: underline;\"><span style=\"color: #0000ff; text-decoration: underline;\"><a style=\"color: #0000ff; text-decoration: underline;\" href=\"https:\/\/www.austriacult.roma.it\/de\/veranstaltung\/sotto-le-stelle-dellaustria-3\/\">Sonne<\/a><\/span><\/span> (Kurdwin Ayub)<br \/>\n27. Juni, 20.30 Uhr | <span style=\"text-decoration: underline;\"><span style=\"color: #0000ff; text-decoration: underline;\"><a style=\"color: #0000ff; text-decoration: underline;\" href=\"https:\/\/www.austriacult.roma.it\/de\/evento\/13268\/\">Serviam<\/a><\/span><\/span> (Ruth Mader) \u2013 Talk mit Waltraud Grausgruber (Tricky Women)<br \/>\n28. Juni, 21.00 Uhr | <span style=\"text-decoration: underline;\"><span style=\"color: #0000ff; text-decoration: underline;\"><a style=\"color: #0000ff; text-decoration: underline;\" href=\"https:\/\/www.austriacult.roma.it\/de\/veranstaltung\/matter-out-of-place\/\">Matter out of Place<\/a><\/span><\/span> (Nikolaus Geyrhalter)<br \/>\n4. Juli, 21.00 Uhr | <span style=\"text-decoration: underline;\"><span style=\"color: #0000ff; text-decoration: underline;\"><a style=\"color: #0000ff; text-decoration: underline;\" href=\"https:\/\/www.austriacult.roma.it\/de\/veranstaltung\/breaking-the-ice\/\">Breaking the Ice<\/a><\/span><\/span> (Clara Stern)<br \/>\n5. Juli, 20.30 Uhr | <span style=\"text-decoration: underline;\"><span style=\"color: #0000ff; text-decoration: underline;\"><a style=\"color: #0000ff; text-decoration: underline;\" href=\"https:\/\/www.austriacult.roma.it\/de\/veranstaltung\/vera\/\">Vera<\/a><\/span><\/span> (Covi\/Frimmel) \u2013 Talk mit Tizza Covi und Vera Gemma<\/p>\n<p>Freier Eintritt mit Voranmeldung unter <span style=\"text-decoration: underline;\"><span style=\"color: #0000ff;\"><a style=\"color: #0000ff; text-decoration: underline;\" href=\"mailto:prenotazione.forumaustriaco@gmail.com\">prenotazione.forumaustriaco@gmail.com<\/a><\/span><\/span> mit Angabe von Vor- und Nachnamen, Datum und Filmtitel bis 12 Uhr des Vorf\u00fchrungstages. Die Anmeldung ist erst mit Best\u00e4tigungsmail g\u00fcltig.\u00a0<\/p>\n<p>Alle Filme sind in Originalsprache mit italienischen Untertiteln zu sehen. Bei Regen finden die Filmvorf\u00fchrungen im Bibliothekssaal statt.<\/p>\n<p><a href=\"https:\/\/www.austriacult.roma.it\/wp-content\/uploads\/2023\/05\/SOTTO-LE-STELLE-DELLAUSTRIA_flyer_web.pdf\">FLYER<\/a><\/p>\n<p><\/p>","protected":false},"excerpt":{"rendered":"<\/p>\n<p>Auch heuer l\u00e4dt das Kulturforum zum Kinogenuss unter Sternen. F\u00fcnf Spielfilme und ein Dokumentarfilm in drei Wochen geben einen Einblick in das aktuelle \u00f6sterreichische Filmschaffen.<br \/>\n2023 erh\u00e4lt SOTTO LE STELLE DELL\u2019AUSTRIA zudem einen weiblichen Schwerpunkt: Das \u00f6sterreichische Animationsfilm-Festival \u201cTricky Women\/Tricky Realities\u201d stellt sich mit jeweils einem Kurzfilm vor dem eigentlichen Spielfilm vor und auch bei den ausgew\u00e4hlten Hauptfilmen dominieren die Regisseurinnen. An zwei Abenden sind zudem Festivalleiterin Waltraud Grausgruber bzw. Regisseurin Tizza Covi mit Hauptdarstellerin Vera Gemma zu Gast und [&#8230;]<\/p>\n","protected":false},"author":2,"featured_media":13303,"comment_status":"closed","ping_status":"closed","template":"","meta":{"footnotes":""},"tags":[],"tribe_events_cat":[20],"class_list":["post-13235","tribe_events","type-tribe_events","status-publish","has-post-thumbnail","hentry","tribe_events_cat-mostre","cat_mostre"],"_links":{"self":[{"href":"https:\/\/www.austriacult.roma.it\/de\/wp-json\/wp\/v2\/tribe_events\/13235","targetHints":{"allow":["GET"]}}],"collection":[{"href":"https:\/\/www.austriacult.roma.it\/de\/wp-json\/wp\/v2\/tribe_events"}],"about":[{"href":"https:\/\/www.austriacult.roma.it\/de\/wp-json\/wp\/v2\/types\/tribe_events"}],"author":[{"embeddable":true,"href":"https:\/\/www.austriacult.roma.it\/de\/wp-json\/wp\/v2\/users\/2"}],"replies":[{"embeddable":true,"href":"https:\/\/www.austriacult.roma.it\/de\/wp-json\/wp\/v2\/comments?post=13235"}],"version-history":[{"count":0,"href":"https:\/\/www.austriacult.roma.it\/de\/wp-json\/wp\/v2\/tribe_events\/13235\/revisions"}],"wp:featuredmedia":[{"embeddable":true,"href":"https:\/\/www.austriacult.roma.it\/de\/wp-json\/wp\/v2\/media\/13303"}],"wp:attachment":[{"href":"https:\/\/www.austriacult.roma.it\/de\/wp-json\/wp\/v2\/media?parent=13235"}],"wp:term":[{"taxonomy":"post_tag","embeddable":true,"href":"https:\/\/www.austriacult.roma.it\/de\/wp-json\/wp\/v2\/tags?post=13235"},{"taxonomy":"tribe_events_cat","embeddable":true,"href":"https:\/\/www.austriacult.roma.it\/de\/wp-json\/wp\/v2\/tribe_events_cat?post=13235"}],"curies":[{"name":"wp","href":"https:\/\/api.w.org\/{rel}","templated":true}]}}