{"id":11886,"date":"2022-06-01T12:56:33","date_gmt":"2022-06-01T10:56:33","guid":{"rendered":"https:\/\/www.austriacult.roma.it\/?post_type=tribe_events&#038;p=11886"},"modified":"2022-06-09T16:29:33","modified_gmt":"2022-06-09T14:29:33","slug":"fuchs-im-bau-fuchs-nella-buca","status":"publish","type":"tribe_events","link":"https:\/\/www.austriacult.roma.it\/de\/veranstaltung\/fuchs-im-bau-fuchs-nella-buca\/","title":{"rendered":"FUCHS IM BAU | Arman T. Riahi"},"content":{"rendered":"<p><\/p>\n<p>2020, 103 min, Regie: Arman T. Riahi<br \/>\nMit Aleksandar Petrovic, Maria Hofst\u00e4tter, Sibel Kekilli<\/p>\n<p>In Originalfassung mit italienischen Untertiteln.<\/p>\n<p>Der Lehrer Fuchs unterrichtet normalerweise an einer Mittelschule. Eines Tages muss er sich allerdings als Lehrer in einem Gef\u00e4ngnis beweisen. Durch unkonventionelle Methoden seiner Kollegin entdeckt er nicht nur seine Kreativit\u00e4t wieder. Mehr und mehr besch\u00e4ftigt er sich mit einer in sich gekehrten und \u00fcberaus aggressiven\u00a0 Sch\u00fclerin. Das Trauma, das sich hinter ihr verbirgt, r\u00fchrt zugleich an Ersch\u00fctterungen, die sein eigenes Leben aus der Bahn geworfen haben. Mehrfach ausgezeichnet, konnte der Regisseur an den Erfolg seiner Culture Clash Kom\u00f6die <em>Die Migrantigen<\/em> anschlie\u00dfen.<\/p>\n<p>Der Film wird von\u00a0<strong>Regisseur Arman T. Riahi<\/strong> im Gespr\u00e4ch mit Kurator Stefano Finesi vorgestellt.\u00a0<\/p>\n<p><em> <span style=\"text-decoration: underline;\"><span style=\"color: #0000ff;\"><a style=\"color: #0000ff; text-decoration: underline;\" href=\"https:\/\/www.youtube.com\/watch?v=x6VioHPprwE\">TRAILER<\/a><\/span><\/span><\/em><\/p>\n<p><span style=\"text-decoration: underline;\"><span style=\"color: #0000ff;\"><a style=\"color: #0000ff; text-decoration: underline;\" href=\"https:\/\/www.austriacult.roma.it\/wp-content\/uploads\/2022\/06\/austria22_catalogo_web.pdf\">KATALOG-alle Filme<\/a><\/span><\/span><\/p>\n<p><span style=\"font-size: 10pt;\"><em>Anmeldung per Mail an: <span style=\"text-decoration: underline; color: #0000ff;\"><a style=\"color: #0000ff; text-decoration: underline;\" href=\"mailto:prenotazione.forumaustriaco@gmail.com\">prenotazione.forumaustriaco@gmail.com<\/a><\/span><br \/>\n<\/em><em>Bitte geben Sie Vor- und Nachnamen und den gew\u00fcnschten Film an. Anmeldefrist bis 12.00 Uhr des Vorf\u00fchrtages.<br \/>\n<\/em><em>Die Anmeldungen werden in der Reihenfolge ihres Eintreffens ber\u00fccksichtigt und sind erst mit Best\u00e4tigungsmail durch das KF g\u00fcltig.<\/em><\/span><\/p>\n<p>&nbsp;<\/p>\n<p>&nbsp;<\/p>\n<p><\/p>","protected":false},"excerpt":{"rendered":"<\/p>\n<p>2020, 103 min, Regie: Arman T. Riahi<br \/>\nMit Aleksandar Petrovic, Maria Hofst\u00e4tter, Sibel Kekilli<\/p>\n<p>In Originalfassung mit italienischen Untertiteln.<\/p>\n<p>Der Lehrer Fuchs unterrichtet normalerweise an einer Mittelschule. Eines Tages muss er sich allerdings als Lehrer in einem Gef\u00e4ngnis beweisen. Durch unkonventionelle Methoden seiner Kollegin entdeckt er nicht nur seine Kreativit\u00e4t wieder. Mehr und mehr besch\u00e4ftigt er sich mit einer in sich gekehrten und \u00fcberaus aggressiven\u00a0 Sch\u00fclerin. Das Trauma, das sich hinter ihr verbirgt, r\u00fchrt zugleich an Ersch\u00fctterungen, die sein eigenes Leben aus [&#8230;]<\/p>\n","protected":false},"author":2,"featured_media":11887,"comment_status":"closed","ping_status":"closed","template":"","meta":{"footnotes":""},"tags":[],"tribe_events_cat":[],"class_list":["post-11886","tribe_events","type-tribe_events","status-publish","has-post-thumbnail","hentry"],"_links":{"self":[{"href":"https:\/\/www.austriacult.roma.it\/de\/wp-json\/wp\/v2\/tribe_events\/11886","targetHints":{"allow":["GET"]}}],"collection":[{"href":"https:\/\/www.austriacult.roma.it\/de\/wp-json\/wp\/v2\/tribe_events"}],"about":[{"href":"https:\/\/www.austriacult.roma.it\/de\/wp-json\/wp\/v2\/types\/tribe_events"}],"author":[{"embeddable":true,"href":"https:\/\/www.austriacult.roma.it\/de\/wp-json\/wp\/v2\/users\/2"}],"replies":[{"embeddable":true,"href":"https:\/\/www.austriacult.roma.it\/de\/wp-json\/wp\/v2\/comments?post=11886"}],"version-history":[{"count":0,"href":"https:\/\/www.austriacult.roma.it\/de\/wp-json\/wp\/v2\/tribe_events\/11886\/revisions"}],"wp:featuredmedia":[{"embeddable":true,"href":"https:\/\/www.austriacult.roma.it\/de\/wp-json\/wp\/v2\/media\/11887"}],"wp:attachment":[{"href":"https:\/\/www.austriacult.roma.it\/de\/wp-json\/wp\/v2\/media?parent=11886"}],"wp:term":[{"taxonomy":"post_tag","embeddable":true,"href":"https:\/\/www.austriacult.roma.it\/de\/wp-json\/wp\/v2\/tags?post=11886"},{"taxonomy":"tribe_events_cat","embeddable":true,"href":"https:\/\/www.austriacult.roma.it\/de\/wp-json\/wp\/v2\/tribe_events_cat?post=11886"}],"curies":[{"name":"wp","href":"https:\/\/api.w.org\/{rel}","templated":true}]}}