{"id":11875,"date":"2022-06-01T12:48:24","date_gmt":"2022-06-01T10:48:24","guid":{"rendered":"https:\/\/www.austriacult.roma.it\/?post_type=tribe_events&#038;p=11875"},"modified":"2022-06-14T09:43:59","modified_gmt":"2022-06-14T07:43:59","slug":"hinterland","status":"publish","type":"tribe_events","link":"https:\/\/www.austriacult.roma.it\/de\/veranstaltung\/hinterland\/","title":{"rendered":"HINTERLAND | Stefan Ruzowitzky"},"content":{"rendered":"<p><\/p>\n<p>2021, 99 min, Regie: Stefan Ruzowitzky<br \/>\nMit Murathan Muslu, Liv Lisa Fries, Max von der Groeben<\/p>\n<p>In Originalfassung mit italienischen Untertiteln.<\/p>\n<p>Wien, 1920. Der Polizist und Kriminologe Peter Perg kehrt nach sieben Jahren als Kriegsgefangener nach Wien zur\u00fcck. Dort muss er feststellen, dass ein Serienkiller es auf seine ehemaligen Kameraden abgesehen hat. Daraufhin nimmt er die Ermittlungen auf und macht sich auf die Suche nach dem T\u00e4ter. W\u00e4hrenddessen wird er in einer d\u00fcsteren Welt, in der seine Glaubenssysteme zerst\u00f6rt sind, von seiner Vergangenheit eingeholt.<\/p>\n<p><span style=\"text-decoration: underline;\"><a style=\"color: #0000ff; text-decoration: underline;\" href=\"https:\/\/www.youtube.com\/watch?v=jnAS2eVaR7g\">TRAILER<\/a><\/span><\/p>\n<p><span style=\"text-decoration: underline;\"><span style=\"color: #0000ff;\"><a style=\"color: #0000ff; text-decoration: underline;\" href=\"https:\/\/www.austriacult.roma.it\/wp-content\/uploads\/2022\/06\/austria22_catalogo_web.pdf\">KATALOG-alle Filme<\/a><\/span><\/span><\/p>\n<p><span style=\"font-size: 10pt;\"><em>Mail an: <a href=\"mailto:prenotazione.forumaustriaco@gmail.com\"><span style=\"text-decoration: underline;\"><span style=\"color: #0000ff; text-decoration: underline;\">prenotazione.forumaustriaco@gmail.com<\/span><\/span><\/a><br \/>\n<\/em><em>Bitte geben Sie Vor- und Nachnamen und den gew\u00fcnschten Film an. Anmeldefrist bis 12.00 Uhr des Vorf\u00fchrtages.<br \/>\n<\/em><em>Die Anmeldungen werden in der Reihenfolge ihres Eintreffens ber\u00fccksichtigt und sind erst mit Best\u00e4tigungsmail durch das KF g\u00fcltig.<\/em><\/span><\/p>\n<p><\/p>","protected":false},"excerpt":{"rendered":"<\/p>\n<p>2021, 99 min, Regie: Stefan Ruzowitzky<br \/>\nMit Murathan Muslu, Liv Lisa Fries, Max von der Groeben<\/p>\n<p>In Originalfassung mit italienischen Untertiteln.<\/p>\n<p>Wien, 1920. Der Polizist und Kriminologe Peter Perg kehrt nach sieben Jahren als Kriegsgefangener nach Wien zur\u00fcck. Dort muss er feststellen, dass ein Serienkiller es auf seine ehemaligen Kameraden abgesehen hat. Daraufhin nimmt er die Ermittlungen auf und macht sich auf die Suche nach dem T\u00e4ter. W\u00e4hrenddessen wird er in einer d\u00fcsteren Welt, in der seine Glaubenssysteme zerst\u00f6rt sind, von seiner [&#8230;]<\/p>\n","protected":false},"author":2,"featured_media":11876,"comment_status":"closed","ping_status":"closed","template":"","meta":{"footnotes":""},"tags":[],"tribe_events_cat":[8],"class_list":["post-11875","tribe_events","type-tribe_events","status-publish","has-post-thumbnail","hentry","tribe_events_cat-kino","cat_kino"],"_links":{"self":[{"href":"https:\/\/www.austriacult.roma.it\/de\/wp-json\/wp\/v2\/tribe_events\/11875","targetHints":{"allow":["GET"]}}],"collection":[{"href":"https:\/\/www.austriacult.roma.it\/de\/wp-json\/wp\/v2\/tribe_events"}],"about":[{"href":"https:\/\/www.austriacult.roma.it\/de\/wp-json\/wp\/v2\/types\/tribe_events"}],"author":[{"embeddable":true,"href":"https:\/\/www.austriacult.roma.it\/de\/wp-json\/wp\/v2\/users\/2"}],"replies":[{"embeddable":true,"href":"https:\/\/www.austriacult.roma.it\/de\/wp-json\/wp\/v2\/comments?post=11875"}],"version-history":[{"count":0,"href":"https:\/\/www.austriacult.roma.it\/de\/wp-json\/wp\/v2\/tribe_events\/11875\/revisions"}],"wp:featuredmedia":[{"embeddable":true,"href":"https:\/\/www.austriacult.roma.it\/de\/wp-json\/wp\/v2\/media\/11876"}],"wp:attachment":[{"href":"https:\/\/www.austriacult.roma.it\/de\/wp-json\/wp\/v2\/media?parent=11875"}],"wp:term":[{"taxonomy":"post_tag","embeddable":true,"href":"https:\/\/www.austriacult.roma.it\/de\/wp-json\/wp\/v2\/tags?post=11875"},{"taxonomy":"tribe_events_cat","embeddable":true,"href":"https:\/\/www.austriacult.roma.it\/de\/wp-json\/wp\/v2\/tribe_events_cat?post=11875"}],"curies":[{"name":"wp","href":"https:\/\/api.w.org\/{rel}","templated":true}]}}