{"id":11869,"date":"2022-06-01T12:52:32","date_gmt":"2022-06-01T10:52:32","guid":{"rendered":"https:\/\/www.austriacult.roma.it\/?post_type=tribe_events&#038;p=11869"},"modified":"2022-06-09T16:25:04","modified_gmt":"2022-06-09T14:25:04","slug":"rimini","status":"publish","type":"tribe_events","link":"https:\/\/www.austriacult.roma.it\/de\/veranstaltung\/rimini\/","title":{"rendered":"RIMINI | Ulrich Seidl"},"content":{"rendered":"<p><\/p>\n<p>2022, 114 min, Regie: Ulrich Seidl<br \/>\nMit Michael Thomas, Hans-Michael Rehberg, Tessa G\u00f6ttlicher<\/p>\n<p>In Originalfassung mit italienischen Untertiteln.<\/p>\n<p>Richie Bravo, einst ein gefeierter Schlagerstar, jagt im winterlichen Rimini seinem verblichenen Ruhm hinterher. Mit Auftritten vor Bustouristen und Liebesdiensten an weiblichen Fans finanziert er seinen ausschweifenden Lebensstil zwischen Dauerrausch und Spielsucht. Doch dann steht eines Tages seine erwachsene Tochter Tessa (Tessa G\u00f6ttlicher) vor seiner T\u00fcr und fordert den Unterhalt ein, den er nie bezahlt hat&#8230; Eine Eloge auf die Kaputtgegangenen und Gescheiterten, aufgerieben zwischen Geldwert und Amore, gefasst in klare Seidl-Kompositionen, die noch den letzten Rest Wahrheit herauskratzen aus dieser aufreibenden Familienaufstellung. Bester Spielfilm der Diagnonale 2022.<\/p>\n<p>Der Film wird von\u00a0<strong>Sebastian H\u00f6glinger <\/strong>und<strong> Peter Schernhuber, <\/strong>den Leitern der Diagonale, im Gespr\u00e4ch mit Kurator Stefano Finesi vorgestellt.\u00a0<\/p>\n<p><a href=\"https:\/\/www.youtube.com\/watch?v=bDGiTY1KI3I\"><span style=\"text-decoration: underline;\"><span style=\"color: #0000ff; text-decoration: underline;\">TRAILER<\/span><\/span><\/a><\/p>\n<p><span style=\"text-decoration: underline;\"><span style=\"color: #0000ff;\"><a style=\"color: #0000ff; text-decoration: underline;\" href=\"https:\/\/www.austriacult.roma.it\/wp-content\/uploads\/2022\/06\/austria22_catalogo_web.pdf\">KATALOG-alle Filme<\/a><\/span><\/span><\/p>\n<p><span style=\"font-size: 10pt;\"><em>Anmeldung per Mail an: <span style=\"text-decoration: underline;\"><span style=\"color: #0000ff;\"><a style=\"color: #0000ff; text-decoration: underline;\" href=\"mailto:prenotazione.forumaustriaco@gmail.com\">prenotazione.forumaustriaco@gmail.com<\/a><\/span><\/span><br \/>\n<\/em><em>Bitte geben Sie Vor- und Nachnamen und den gew\u00fcnschten Film an. Anmeldefrist bis 12.00 Uhr des Vorf\u00fchrtages.<br \/>\n<\/em><em>Die Anmeldungen werden in der Reihenfolge ihres Eintreffens ber\u00fccksichtigt und sind erst mit Best\u00e4tigungsmail durch das KF g\u00fcltig.<\/em><\/span><\/p>\n<p><\/p>","protected":false},"excerpt":{"rendered":"<\/p>\n<p>2022, 114 min, Regie: Ulrich Seidl<br \/>\nMit Michael Thomas, Hans-Michael Rehberg, Tessa G\u00f6ttlicher<\/p>\n<p>In Originalfassung mit italienischen Untertiteln.<\/p>\n<p>Richie Bravo, einst ein gefeierter Schlagerstar, jagt im winterlichen Rimini seinem verblichenen Ruhm hinterher. Mit Auftritten vor Bustouristen und Liebesdiensten an weiblichen Fans finanziert er seinen ausschweifenden Lebensstil zwischen Dauerrausch und Spielsucht. Doch dann steht eines Tages seine erwachsene Tochter Tessa (Tessa G\u00f6ttlicher) vor seiner T\u00fcr und fordert den Unterhalt ein, den er nie bezahlt hat&#8230; Eine Eloge auf die Kaputtgegangenen und Gescheiterten, aufgerieben [&#8230;]<\/p>\n","protected":false},"author":2,"featured_media":11870,"comment_status":"closed","ping_status":"closed","template":"","meta":{"footnotes":""},"tags":[],"tribe_events_cat":[8],"class_list":["post-11869","tribe_events","type-tribe_events","status-publish","has-post-thumbnail","hentry","tribe_events_cat-kino","cat_kino"],"_links":{"self":[{"href":"https:\/\/www.austriacult.roma.it\/de\/wp-json\/wp\/v2\/tribe_events\/11869","targetHints":{"allow":["GET"]}}],"collection":[{"href":"https:\/\/www.austriacult.roma.it\/de\/wp-json\/wp\/v2\/tribe_events"}],"about":[{"href":"https:\/\/www.austriacult.roma.it\/de\/wp-json\/wp\/v2\/types\/tribe_events"}],"author":[{"embeddable":true,"href":"https:\/\/www.austriacult.roma.it\/de\/wp-json\/wp\/v2\/users\/2"}],"replies":[{"embeddable":true,"href":"https:\/\/www.austriacult.roma.it\/de\/wp-json\/wp\/v2\/comments?post=11869"}],"version-history":[{"count":0,"href":"https:\/\/www.austriacult.roma.it\/de\/wp-json\/wp\/v2\/tribe_events\/11869\/revisions"}],"wp:featuredmedia":[{"embeddable":true,"href":"https:\/\/www.austriacult.roma.it\/de\/wp-json\/wp\/v2\/media\/11870"}],"wp:attachment":[{"href":"https:\/\/www.austriacult.roma.it\/de\/wp-json\/wp\/v2\/media?parent=11869"}],"wp:term":[{"taxonomy":"post_tag","embeddable":true,"href":"https:\/\/www.austriacult.roma.it\/de\/wp-json\/wp\/v2\/tags?post=11869"},{"taxonomy":"tribe_events_cat","embeddable":true,"href":"https:\/\/www.austriacult.roma.it\/de\/wp-json\/wp\/v2\/tribe_events_cat?post=11869"}],"curies":[{"name":"wp","href":"https:\/\/api.w.org\/{rel}","templated":true}]}}