{"id":11739,"date":"2022-05-06T08:57:33","date_gmt":"2022-05-06T06:57:33","guid":{"rendered":"https:\/\/www.austriacult.roma.it\/?post_type=tribe_events&#038;p=11739"},"modified":"2022-05-13T13:09:59","modified_gmt":"2022-05-13T11:09:59","slug":"terra-arte-judith-wagner-e-wolfgang-richter","status":"publish","type":"tribe_events","link":"https:\/\/www.austriacult.roma.it\/de\/veranstaltung\/terra-arte-judith-wagner-und-wolfgang-richter\/","title":{"rendered":"TERRA ARTE | Judith Wagner und Wolfgang Richter"},"content":{"rendered":"<p><\/p>\n<p>TERRA ARTE ist ein vom Bildhauer Sandro Scarmiglia gegr\u00fcndeter Park f\u00fcr zeitgen\u00f6ssische Kunst in der N\u00e4he von Rom, in dem Arbeiten internationaler K\u00fcnstlerInnen mitten in die Naturlandschaft eingef\u00fcgt sind. Neu mit dabei sind ab Mai die \u00d6sterreicher <strong>Judith Wagner<\/strong> und <strong>Wolfgang Richter<\/strong>, gemeinsam mit den italienischen K\u00fcnstlerInnen Publia Cruciani und Alfonso Maria Isonzo. Zur Er\u00f6ffnung am 28. Mai spielt die Band <strong>Soul Moscato<\/strong>.<\/p>\n<p>&nbsp;<\/p>\n<p><strong>ZEITkegel | Wolfgang Richter<br \/>\n<\/strong>\u201eSand und Erde im arch\u00e4ologischen Park von Blera bilden das Ausgangsmaterial f\u00fcr mein Vorhaben. Durchsieben von Erde ist eine T\u00e4tigkeit, die bei der Gartenarbeit wie auch bei \u00e4rch\u00e4ologischen Grabungen gebr\u00e4uchlich ist. Sand ist geologisch gesehen Millionen von Jahren alt. Bei vielen meiner Landart Projekte spielen Wandel, Vergehen und Zeit eine wichtige Rolle.\u201c<br \/>\nWaren es anf\u00e4nglich nur organische Materialien mit einer \u00fcberschaubaren Lebensdauer, so ist seit 2019 auch Gestein ein Thema. Damit kommt ein ganz anderer Zeitbegriff ins Spiel. In Blera wird eine gro\u00dfe Outdoor Arbeit entstehen, die dem Thema Verg\u00e4nglichkeit gewidmet ist. Dieses Thema m\u00f6chte Wolfgang Richter mit armen Materialien angehen &#8211; im Reisegep\u00e4ck nur ein Sieb und eine Schaufel.<br \/>\n<a href=\"https:\/\/www.wolfgang-richter.eu\">Video: <\/a><a style=\"color: #0000ff; text-decoration: underline;\" href=\"https:\/\/youtu.be\/znURSuOpY5s\">youtu.be\/znURSuOpY5s&gt;<\/a><br \/>\n<a href=\"https:\/\/www.wolfgang-richter.eu\"><span style=\"color: #0000ff; text-decoration: underline;\">www.wolfgang-richter.eu<\/span><\/a><\/p>\n<p><strong>\u00a0<br \/>\n<\/strong><strong>MEN | Judith Wagner<br \/>\n<\/strong>Judith Wagner zeigt in Blera ihre dreiteilige Skulptur \u201eMen\u201c. Sie besteht aus drei realistischen M\u00e4nnerportraits, die sitzend auf einem Podest pr\u00e4sentiert werden. \u201eSie stellen drei v\u00f6llig unterschiedliche Charaktere dar. Den Souver\u00e4nen, den Unsicheren-verbindlichen und den Distanzierten. Wichtig war mir dabei jegliche Gestik und Attribute wegzulassen. Dadurch werden ihre Geschichten und Positionen im Leben alleine durch ihr Erscheinungsbild erz\u00e4hlt. Anders als bei einem Denkmal erscheinen die Figuren dem Betrachter als ganz normale Mitb\u00fcrger. Menschen denen man tagt\u00e4glich im normalen Leben begegnet. Doch es wird auch eine surreale Ebene eingebaut: Auf dem ersten Blick hin glaubt man schnell die Situation erfasst zu haben, wenn man jedoch die Gruppe umrundet, sieht man jedoch, dass die Sitzenden gar keine Sitzgelegenheiten haben. Die scheinbare Sicherheit der M\u00e4nner wird aufgel\u00f6st. Auch die Farbgebung entspricht nicht der Realit\u00e4t. Sie sind blau , gr\u00fcn, und rot bemalt. Die Farben betonen noch einmal den Charakter der dargestellten Figur. Die Farbe unterstreicht den Charakter der dargestellten Person.<\/p>\n<p>Weitere Infos zu <span style=\"color: #0000ff;\"><a style=\"color: #0000ff;\" href=\"https:\/\/www.austriacult.roma.it\/wp-content\/uploads\/2022\/04\/Terra-Arte-presentazione-2022.pdf\">TERRAARTE 2022<\/a><\/span>\u00a0<br \/>\n<a href=\"https:\/\/www.austriacult.roma.it\/wp-content\/uploads\/2022\/05\/Comunicato-stampa-Terra-Arte-2022.pdf\">Pressemitteilung<\/a><\/p>\n<p>&nbsp;<\/p>\n<p><strong>Bios: <br \/>\nWolfgang Richter<\/strong>, geboren 1953. Studium der Germanistik, Geschichte und Bildnerischen Erziehung in Salzburg. Seit 1972 Ausstellungsbeteiligungen, 1970 &#8211; 1996 Arbeit in der Grafischen Werkstatt im K\u00fcnstlerhaus bei Hermann Ober. Seit 1981 freier Kulturjournalist\u00a0 (Kunstkritik). Literarische und kunstbezogene Ver\u00f6ffentlichungen. <br \/>\n1983 \u2013 1986 und 1990- 2002 Lehrbeauftragter an der Universit\u00e4t Mozarteum (Fachdidaktik Bildnerische Erziehung), 1986 &#8211; 1990 Assistent an der Hochschule Mozarteum. 1989 &#8211; 1993 Kurator \u201eKunstraum St. Virgil\u201d, Salzburg.\u00a0 Seit 1997 Projekte im Rahmen von \u201eArchitektur Technik und Schule\u201c in Salzburg, ab 1995 naturbezogene Arbeiten. Seit 2000 Videos und Fotoarbeiten zu den Landartprojekten.<br \/>\nAusstellungen: <br \/>\n2001 \u201eRohstoff\u201c Stift St. Lambrecht (A) &#8211;\u00a0 2008\/09 Klenzepark Ingolstadt (D) &#8211; 2012 Belgrad, Kalemegdan &#8211; 2012\/13 \u201e-Schneehaus\u201d Salzburg Museum (A) &#8211; 2014 Aliso Viejo\u00a0 \u201eGone with the wind\u201d (USA) &#8211; 2017 (x)sites Kattegattleden Falkenberg (S) \u201eGrassWind\u201c &#8211; 2018 Twingi Landart (CH) &#8211; 2019 Skulpurenpfad Lana \/ Meran (I) &#8211; 2020 MELAnconial Berchtoldvilla Salzburg &#8211; 2020 \u201eendlich unendlich. 1400 Spiegel\u201c Schlosspark Hellbrunn (A) &#8211; 2021 \u201eIm Dialog\u201c Robert Moser Wolfgang Richter Hipphalle Gmunden (A) \u2013 2022 \u201eSichten und Stapeln\u201c Mattsee (A)<\/p>\n<p><strong>Judith Wagner<\/strong>, geboren 1973 in Wien, studierte Bildhauerei an der Universit\u00e4t f\u00fcr angewandte Kunst. Sie absolvierte ein Auslandssemester an der Kunsth\u00f8gskolen in Oslo\/Norwegen und war Assistentin an der Universit\u00e4t f\u00fcr angewandte Kunst und Assistentin im Atelier John de Andrea in Denver\/USA. Sie ist Lehrbeauftragte an der New Design University in St. P\u00f6lten, gibt Kurse f\u00fcr Bildhauerei und lebt und arbeitet in der N\u00e4he von Wien.<\/p>\n<p><strong>Die Ausstellung ist bis Oktober 2022 ge\u00f6ffnet.<\/strong><\/p>\n<p><\/p>","protected":false},"excerpt":{"rendered":"<\/p>\n<p>TERRA ARTE ist ein vom Bildhauer Sandro Scarmiglia gegr\u00fcndeter Park f\u00fcr zeitgen\u00f6ssische Kunst in der N\u00e4he von Rom, in dem Arbeiten internationaler K\u00fcnstlerInnen mitten in die Naturlandschaft eingef\u00fcgt sind. Neu mit dabei sind ab Mai die \u00d6sterreicher Judith Wagner und Wolfgang Richter, gemeinsam mit den italienischen K\u00fcnstlerInnen Publia Cruciani und Alfonso Maria Isonzo. Zur Er\u00f6ffnung am 28. Mai spielt die Band Soul Moscato.<\/p>\n<p>&nbsp;<\/p>\n<p>ZEITkegel | Wolfgang Richter<br \/>\n\u201eSand und Erde im arch\u00e4ologischen Park von Blera bilden das Ausgangsmaterial f\u00fcr mein Vorhaben. [&#8230;]<\/p>\n","protected":false},"author":2,"featured_media":11743,"comment_status":"closed","ping_status":"closed","template":"","meta":{"footnotes":""},"tags":[],"tribe_events_cat":[20],"class_list":["post-11739","tribe_events","type-tribe_events","status-publish","has-post-thumbnail","hentry","tribe_events_cat-mostre","cat_mostre"],"_links":{"self":[{"href":"https:\/\/www.austriacult.roma.it\/de\/wp-json\/wp\/v2\/tribe_events\/11739","targetHints":{"allow":["GET"]}}],"collection":[{"href":"https:\/\/www.austriacult.roma.it\/de\/wp-json\/wp\/v2\/tribe_events"}],"about":[{"href":"https:\/\/www.austriacult.roma.it\/de\/wp-json\/wp\/v2\/types\/tribe_events"}],"author":[{"embeddable":true,"href":"https:\/\/www.austriacult.roma.it\/de\/wp-json\/wp\/v2\/users\/2"}],"replies":[{"embeddable":true,"href":"https:\/\/www.austriacult.roma.it\/de\/wp-json\/wp\/v2\/comments?post=11739"}],"version-history":[{"count":0,"href":"https:\/\/www.austriacult.roma.it\/de\/wp-json\/wp\/v2\/tribe_events\/11739\/revisions"}],"wp:featuredmedia":[{"embeddable":true,"href":"https:\/\/www.austriacult.roma.it\/de\/wp-json\/wp\/v2\/media\/11743"}],"wp:attachment":[{"href":"https:\/\/www.austriacult.roma.it\/de\/wp-json\/wp\/v2\/media?parent=11739"}],"wp:term":[{"taxonomy":"post_tag","embeddable":true,"href":"https:\/\/www.austriacult.roma.it\/de\/wp-json\/wp\/v2\/tags?post=11739"},{"taxonomy":"tribe_events_cat","embeddable":true,"href":"https:\/\/www.austriacult.roma.it\/de\/wp-json\/wp\/v2\/tribe_events_cat?post=11739"}],"curies":[{"name":"wp","href":"https:\/\/api.w.org\/{rel}","templated":true}]}}